{"id":22149,"date":"2024-01-18T15:31:23","date_gmt":"2024-01-18T15:31:23","guid":{"rendered":"https:\/\/lagenceimmoespagne.com\/?post_type=estate_property&#038;p=22149"},"modified":"2024-07-26T14:20:46","modified_gmt":"2024-07-26T14:20:46","slug":"villa-bella-vida","status":"publish","type":"estate_property","link":"https:\/\/lagenceimmoespagne.com\/fr\/estate_property\/villa-bella-vida\/","title":{"rendered":"Villa Retiro &#8211; Pals"},"content":{"rendered":"<div data-elementor-type=\"wp-post\" data-elementor-id=\"22149\" class=\"elementor elementor-22149\">\n\t\t\t\t<div class=\"elementor-element elementor-element-a4d68ba e-flex e-con-boxed e-con e-parent\" data-id=\"a4d68ba\" data-element_type=\"container\">\n\t\t\t\t\t<div class=\"e-con-inner\">\n\t\t\t\t<div class=\"elementor-element elementor-element-d1fd3b7 elementor-widget elementor-widget-image-gallery\" data-id=\"d1fd3b7\" data-element_type=\"widget\" data-widget_type=\"image-gallery.default\">\n\t\t\t\t<div class=\"elementor-widget-container\">\n\t\t\t\t\t\t\t<div class=\"elementor-image-gallery\">\n\t\t\t\n\t\t<style type=\"text\/css\">\n\t\t\t#gallery-1 {\n\t\t\t\tmargin: auto;\n\t\t\t}\n\t\t\t#gallery-1 .gallery-item {\n\t\t\t\tfloat: left;\n\t\t\t\tmargin-top: 10px;\n\t\t\t\ttext-align: center;\n\t\t\t\twidth: 25%;\n\t\t\t}\n\t\t\t#gallery-1 img {\n\t\t\t\tborder: 2px solid #cfcfcf;\n\t\t\t}\n\t\t\t#gallery-1 .gallery-caption {\n\t\t\t\tmargin-left: 0;\n\t\t\t}\n\t\t\t\/* see gallery_shortcode() in wp-includes\/media.php *\/\n\t\t<\/style>\n\t\t<div id='gallery-1' class='gallery galleryid-22149 gallery-columns-4 gallery-size-thumbnail'><dl class='gallery-item'>\n\t\t\t<dt class='gallery-icon landscape'>\n\t\t\t\t<a data-elementor-open-lightbox=\"yes\" data-elementor-lightbox-slideshow=\"d1fd3b7\" data-elementor-lightbox-title=\"jardin 2\" data-e-action-hash=\"#elementor-action%3Aaction%3Dlightbox%26settings%3DeyJpZCI6MjIxNjAsInVybCI6Imh0dHBzOlwvXC9sYWdlbmNlaW1tb2VzcGFnbmUuY29tXC93cC1jb250ZW50XC91cGxvYWRzXC8yMDI0XC8wMVwvamFyZGluLTItMi53ZWJwIiwic2xpZGVzaG93IjoiZDFmZDNiNyJ9\" href='https:\/\/lagenceimmoespagne.com\/wp-content\/uploads\/2024\/01\/jardin-2-2.webp'><img decoding=\"async\" width=\"150\" height=\"150\" src=\"https:\/\/lagenceimmoespagne.com\/wp-content\/uploads\/2024\/01\/jardin-2-2-150x150.webp\" class=\"attachment-thumbnail size-thumbnail\" alt=\"\" srcset=\"https:\/\/lagenceimmoespagne.com\/wp-content\/uploads\/2024\/01\/jardin-2-2-150x150.webp 150w, https:\/\/lagenceimmoespagne.com\/wp-content\/uploads\/2024\/01\/jardin-2-2-120x120.webp 120w, https:\/\/lagenceimmoespagne.com\/wp-content\/uploads\/2024\/01\/jardin-2-2-45x45.webp 45w, https:\/\/lagenceimmoespagne.com\/wp-content\/uploads\/2024\/01\/jardin-2-2-36x36.webp 36w\" sizes=\"(max-width: 150px) 100vw, 150px\" \/><\/a>\n\t\t\t<\/dt><\/dl><dl class='gallery-item'>\n\t\t\t<dt class='gallery-icon landscape'>\n\t\t\t\t<a data-elementor-open-lightbox=\"yes\" data-elementor-lightbox-slideshow=\"d1fd3b7\" data-elementor-lightbox-title=\"piscine 3\" data-e-action-hash=\"#elementor-action%3Aaction%3Dlightbox%26settings%3DeyJpZCI6MjIxNjQsInVybCI6Imh0dHBzOlwvXC9sYWdlbmNlaW1tb2VzcGFnbmUuY29tXC93cC1jb250ZW50XC91cGxvYWRzXC8yMDI0XC8wMVwvcGlzY2luZS0zLndlYnAiLCJzbGlkZXNob3ciOiJkMWZkM2I3In0%3D\" href='https:\/\/lagenceimmoespagne.com\/wp-content\/uploads\/2024\/01\/piscine-3.webp'><img decoding=\"async\" width=\"150\" height=\"150\" src=\"https:\/\/lagenceimmoespagne.com\/wp-content\/uploads\/2024\/01\/piscine-3-150x150.webp\" class=\"attachment-thumbnail size-thumbnail\" alt=\"\" srcset=\"https:\/\/lagenceimmoespagne.com\/wp-content\/uploads\/2024\/01\/piscine-3-150x150.webp 150w, https:\/\/lagenceimmoespagne.com\/wp-content\/uploads\/2024\/01\/piscine-3-120x120.webp 120w, https:\/\/lagenceimmoespagne.com\/wp-content\/uploads\/2024\/01\/piscine-3-45x45.webp 45w, https:\/\/lagenceimmoespagne.com\/wp-content\/uploads\/2024\/01\/piscine-3-36x36.webp 36w\" sizes=\"(max-width: 150px) 100vw, 150px\" \/><\/a>\n\t\t\t<\/dt><\/dl><dl class='gallery-item'>\n\t\t\t<dt class='gallery-icon landscape'>\n\t\t\t\t<a data-elementor-open-lightbox=\"yes\" data-elementor-lightbox-slideshow=\"d1fd3b7\" data-elementor-lightbox-title=\"terasse 2\" data-e-action-hash=\"#elementor-action%3Aaction%3Dlightbox%26settings%3DeyJpZCI6MjIxNzksInVybCI6Imh0dHBzOlwvXC9sYWdlbmNlaW1tb2VzcGFnbmUuY29tXC93cC1jb250ZW50XC91cGxvYWRzXC8yMDI0XC8wMVwvdGVyYXNzZS0yLTMud2VicCIsInNsaWRlc2hvdyI6ImQxZmQzYjcifQ%3D%3D\" href='https:\/\/lagenceimmoespagne.com\/wp-content\/uploads\/2024\/01\/terasse-2-3.webp'><img decoding=\"async\" width=\"150\" height=\"150\" src=\"https:\/\/lagenceimmoespagne.com\/wp-content\/uploads\/2024\/01\/terasse-2-3-150x150.webp\" class=\"attachment-thumbnail size-thumbnail\" alt=\"\" srcset=\"https:\/\/lagenceimmoespagne.com\/wp-content\/uploads\/2024\/01\/terasse-2-3-150x150.webp 150w, https:\/\/lagenceimmoespagne.com\/wp-content\/uploads\/2024\/01\/terasse-2-3-120x120.webp 120w, https:\/\/lagenceimmoespagne.com\/wp-content\/uploads\/2024\/01\/terasse-2-3-45x45.webp 45w, https:\/\/lagenceimmoespagne.com\/wp-content\/uploads\/2024\/01\/terasse-2-3-36x36.webp 36w\" sizes=\"(max-width: 150px) 100vw, 150px\" \/><\/a>\n\t\t\t<\/dt><\/dl><dl class='gallery-item'>\n\t\t\t<dt class='gallery-icon landscape'>\n\t\t\t\t<a data-elementor-open-lightbox=\"yes\" data-elementor-lightbox-slideshow=\"d1fd3b7\" data-elementor-lightbox-title=\"vue 1\" data-e-action-hash=\"#elementor-action%3Aaction%3Dlightbox%26settings%3DeyJpZCI6MjIxODEsInVybCI6Imh0dHBzOlwvXC9sYWdlbmNlaW1tb2VzcGFnbmUuY29tXC93cC1jb250ZW50XC91cGxvYWRzXC8yMDI0XC8wMVwvdnVlLTEtMS53ZWJwIiwic2xpZGVzaG93IjoiZDFmZDNiNyJ9\" href='https:\/\/lagenceimmoespagne.com\/wp-content\/uploads\/2024\/01\/vue-1-1.webp'><img loading=\"lazy\" decoding=\"async\" width=\"150\" height=\"150\" src=\"https:\/\/lagenceimmoespagne.com\/wp-content\/uploads\/2024\/01\/vue-1-1-150x150.webp\" class=\"attachment-thumbnail size-thumbnail\" alt=\"\" srcset=\"https:\/\/lagenceimmoespagne.com\/wp-content\/uploads\/2024\/01\/vue-1-1-150x150.webp 150w, https:\/\/lagenceimmoespagne.com\/wp-content\/uploads\/2024\/01\/vue-1-1-120x120.webp 120w, https:\/\/lagenceimmoespagne.com\/wp-content\/uploads\/2024\/01\/vue-1-1-45x45.webp 45w, https:\/\/lagenceimmoespagne.com\/wp-content\/uploads\/2024\/01\/vue-1-1-36x36.webp 36w\" sizes=\"(max-width: 150px) 100vw, 150px\" \/><\/a>\n\t\t\t<\/dt><\/dl><br style=\"clear: both\" \/><dl class='gallery-item'>\n\t\t\t<dt class='gallery-icon landscape'>\n\t\t\t\t<a data-elementor-open-lightbox=\"yes\" data-elementor-lightbox-slideshow=\"d1fd3b7\" data-elementor-lightbox-title=\"chambre 1\" data-e-action-hash=\"#elementor-action%3Aaction%3Dlightbox%26settings%3DeyJpZCI6MjIxNTMsInVybCI6Imh0dHBzOlwvXC9sYWdlbmNlaW1tb2VzcGFnbmUuY29tXC93cC1jb250ZW50XC91cGxvYWRzXC8yMDI0XC8wMVwvY2hhbWJyZS0xLTQud2VicCIsInNsaWRlc2hvdyI6ImQxZmQzYjcifQ%3D%3D\" href='https:\/\/lagenceimmoespagne.com\/wp-content\/uploads\/2024\/01\/chambre-1-4.webp'><img loading=\"lazy\" decoding=\"async\" width=\"150\" height=\"150\" src=\"https:\/\/lagenceimmoespagne.com\/wp-content\/uploads\/2024\/01\/chambre-1-4-150x150.webp\" class=\"attachment-thumbnail size-thumbnail\" alt=\"\" srcset=\"https:\/\/lagenceimmoespagne.com\/wp-content\/uploads\/2024\/01\/chambre-1-4-150x150.webp 150w, https:\/\/lagenceimmoespagne.com\/wp-content\/uploads\/2024\/01\/chambre-1-4-120x120.webp 120w, https:\/\/lagenceimmoespagne.com\/wp-content\/uploads\/2024\/01\/chambre-1-4-45x45.webp 45w, https:\/\/lagenceimmoespagne.com\/wp-content\/uploads\/2024\/01\/chambre-1-4-36x36.webp 36w\" sizes=\"(max-width: 150px) 100vw, 150px\" \/><\/a>\n\t\t\t<\/dt><\/dl><dl class='gallery-item'>\n\t\t\t<dt class='gallery-icon landscape'>\n\t\t\t\t<a data-elementor-open-lightbox=\"yes\" data-elementor-lightbox-slideshow=\"d1fd3b7\" data-elementor-lightbox-title=\"chambre 2\" data-e-action-hash=\"#elementor-action%3Aaction%3Dlightbox%26settings%3DeyJpZCI6MjIxNTQsInVybCI6Imh0dHBzOlwvXC9sYWdlbmNlaW1tb2VzcGFnbmUuY29tXC93cC1jb250ZW50XC91cGxvYWRzXC8yMDI0XC8wMVwvY2hhbWJyZS0yLTMud2VicCIsInNsaWRlc2hvdyI6ImQxZmQzYjcifQ%3D%3D\" href='https:\/\/lagenceimmoespagne.com\/wp-content\/uploads\/2024\/01\/chambre-2-3.webp'><img loading=\"lazy\" decoding=\"async\" width=\"150\" height=\"150\" src=\"https:\/\/lagenceimmoespagne.com\/wp-content\/uploads\/2024\/01\/chambre-2-3-150x150.webp\" class=\"attachment-thumbnail size-thumbnail\" alt=\"\" srcset=\"https:\/\/lagenceimmoespagne.com\/wp-content\/uploads\/2024\/01\/chambre-2-3-150x150.webp 150w, https:\/\/lagenceimmoespagne.com\/wp-content\/uploads\/2024\/01\/chambre-2-3-120x120.webp 120w, https:\/\/lagenceimmoespagne.com\/wp-content\/uploads\/2024\/01\/chambre-2-3-45x45.webp 45w, https:\/\/lagenceimmoespagne.com\/wp-content\/uploads\/2024\/01\/chambre-2-3-36x36.webp 36w\" sizes=\"(max-width: 150px) 100vw, 150px\" \/><\/a>\n\t\t\t<\/dt><\/dl><dl class='gallery-item'>\n\t\t\t<dt class='gallery-icon landscape'>\n\t\t\t\t<a data-elementor-open-lightbox=\"yes\" data-elementor-lightbox-slideshow=\"d1fd3b7\" data-elementor-lightbox-title=\"chambre 4\" data-e-action-hash=\"#elementor-action%3Aaction%3Dlightbox%26settings%3DeyJpZCI6MjIxNTYsInVybCI6Imh0dHBzOlwvXC9sYWdlbmNlaW1tb2VzcGFnbmUuY29tXC93cC1jb250ZW50XC91cGxvYWRzXC8yMDI0XC8wMVwvY2hhbWJyZS00LTEud2VicCIsInNsaWRlc2hvdyI6ImQxZmQzYjcifQ%3D%3D\" href='https:\/\/lagenceimmoespagne.com\/wp-content\/uploads\/2024\/01\/chambre-4-1.webp'><img loading=\"lazy\" decoding=\"async\" width=\"150\" height=\"150\" src=\"https:\/\/lagenceimmoespagne.com\/wp-content\/uploads\/2024\/01\/chambre-4-1-150x150.webp\" class=\"attachment-thumbnail size-thumbnail\" alt=\"\" srcset=\"https:\/\/lagenceimmoespagne.com\/wp-content\/uploads\/2024\/01\/chambre-4-1-150x150.webp 150w, https:\/\/lagenceimmoespagne.com\/wp-content\/uploads\/2024\/01\/chambre-4-1-120x120.webp 120w, https:\/\/lagenceimmoespagne.com\/wp-content\/uploads\/2024\/01\/chambre-4-1-45x45.webp 45w, https:\/\/lagenceimmoespagne.com\/wp-content\/uploads\/2024\/01\/chambre-4-1-36x36.webp 36w\" sizes=\"(max-width: 150px) 100vw, 150px\" \/><\/a>\n\t\t\t<\/dt><\/dl><dl class='gallery-item'>\n\t\t\t<dt class='gallery-icon landscape'>\n\t\t\t\t<a data-elementor-open-lightbox=\"yes\" data-elementor-lightbox-slideshow=\"d1fd3b7\" data-elementor-lightbox-title=\"cuisine 1\" data-e-action-hash=\"#elementor-action%3Aaction%3Dlightbox%26settings%3DeyJpZCI6MjIxNTgsInVybCI6Imh0dHBzOlwvXC9sYWdlbmNlaW1tb2VzcGFnbmUuY29tXC93cC1jb250ZW50XC91cGxvYWRzXC8yMDI0XC8wMVwvY3Vpc2luZS0xLTMud2VicCIsInNsaWRlc2hvdyI6ImQxZmQzYjcifQ%3D%3D\" href='https:\/\/lagenceimmoespagne.com\/wp-content\/uploads\/2024\/01\/cuisine-1-3.webp'><img loading=\"lazy\" decoding=\"async\" width=\"150\" height=\"150\" src=\"https:\/\/lagenceimmoespagne.com\/wp-content\/uploads\/2024\/01\/cuisine-1-3-150x150.webp\" class=\"attachment-thumbnail size-thumbnail\" alt=\"\" srcset=\"https:\/\/lagenceimmoespagne.com\/wp-content\/uploads\/2024\/01\/cuisine-1-3-150x150.webp 150w, https:\/\/lagenceimmoespagne.com\/wp-content\/uploads\/2024\/01\/cuisine-1-3-120x120.webp 120w, https:\/\/lagenceimmoespagne.com\/wp-content\/uploads\/2024\/01\/cuisine-1-3-45x45.webp 45w, https:\/\/lagenceimmoespagne.com\/wp-content\/uploads\/2024\/01\/cuisine-1-3-36x36.webp 36w\" sizes=\"(max-width: 150px) 100vw, 150px\" \/><\/a>\n\t\t\t<\/dt><\/dl><br style=\"clear: both\" \/><dl class='gallery-item'>\n\t\t\t<dt class='gallery-icon landscape'>\n\t\t\t\t<a data-elementor-open-lightbox=\"yes\" data-elementor-lightbox-slideshow=\"d1fd3b7\" data-elementor-lightbox-title=\"salle de bain 1\" data-e-action-hash=\"#elementor-action%3Aaction%3Dlightbox%26settings%3DeyJpZCI6MjIxNjcsInVybCI6Imh0dHBzOlwvXC9sYWdlbmNlaW1tb2VzcGFnbmUuY29tXC93cC1jb250ZW50XC91cGxvYWRzXC8yMDI0XC8wMVwvc2FsbGUtZGUtYmFpbi0xLTIud2VicCIsInNsaWRlc2hvdyI6ImQxZmQzYjcifQ%3D%3D\" href='https:\/\/lagenceimmoespagne.com\/wp-content\/uploads\/2024\/01\/salle-de-bain-1-2.webp'><img loading=\"lazy\" decoding=\"async\" width=\"150\" height=\"150\" src=\"https:\/\/lagenceimmoespagne.com\/wp-content\/uploads\/2024\/01\/salle-de-bain-1-2-150x150.webp\" class=\"attachment-thumbnail size-thumbnail\" alt=\"\" srcset=\"https:\/\/lagenceimmoespagne.com\/wp-content\/uploads\/2024\/01\/salle-de-bain-1-2-150x150.webp 150w, https:\/\/lagenceimmoespagne.com\/wp-content\/uploads\/2024\/01\/salle-de-bain-1-2-120x120.webp 120w, https:\/\/lagenceimmoespagne.com\/wp-content\/uploads\/2024\/01\/salle-de-bain-1-2-45x45.webp 45w, https:\/\/lagenceimmoespagne.com\/wp-content\/uploads\/2024\/01\/salle-de-bain-1-2-36x36.webp 36w\" sizes=\"(max-width: 150px) 100vw, 150px\" \/><\/a>\n\t\t\t<\/dt><\/dl><dl class='gallery-item'>\n\t\t\t<dt class='gallery-icon landscape'>\n\t\t\t\t<a data-elementor-open-lightbox=\"yes\" data-elementor-lightbox-slideshow=\"d1fd3b7\" data-elementor-lightbox-title=\"salle a\u0300 manger 1\" data-e-action-hash=\"#elementor-action%3Aaction%3Dlightbox%26settings%3DeyJpZCI6MjIxNjYsInVybCI6Imh0dHBzOlwvXC9sYWdlbmNlaW1tb2VzcGFnbmUuY29tXC93cC1jb250ZW50XC91cGxvYWRzXC8yMDI0XC8wMVwvc2FsbGUtYS1tYW5nZXItMS0yLndlYnAiLCJzbGlkZXNob3ciOiJkMWZkM2I3In0%3D\" href='https:\/\/lagenceimmoespagne.com\/wp-content\/uploads\/2024\/01\/salle-a-manger-1-2.webp'><img loading=\"lazy\" decoding=\"async\" width=\"150\" height=\"150\" src=\"https:\/\/lagenceimmoespagne.com\/wp-content\/uploads\/2024\/01\/salle-a-manger-1-2-150x150.webp\" class=\"attachment-thumbnail size-thumbnail\" alt=\"\" srcset=\"https:\/\/lagenceimmoespagne.com\/wp-content\/uploads\/2024\/01\/salle-a-manger-1-2-150x150.webp 150w, https:\/\/lagenceimmoespagne.com\/wp-content\/uploads\/2024\/01\/salle-a-manger-1-2-120x120.webp 120w, https:\/\/lagenceimmoespagne.com\/wp-content\/uploads\/2024\/01\/salle-a-manger-1-2-45x45.webp 45w, https:\/\/lagenceimmoespagne.com\/wp-content\/uploads\/2024\/01\/salle-a-manger-1-2-36x36.webp 36w\" sizes=\"(max-width: 150px) 100vw, 150px\" \/><\/a>\n\t\t\t<\/dt><\/dl><dl class='gallery-item'>\n\t\t\t<dt class='gallery-icon landscape'>\n\t\t\t\t<a data-elementor-open-lightbox=\"yes\" data-elementor-lightbox-slideshow=\"d1fd3b7\" data-elementor-lightbox-title=\"salon 2\" data-e-action-hash=\"#elementor-action%3Aaction%3Dlightbox%26settings%3DeyJpZCI6MjIxNzIsInVybCI6Imh0dHBzOlwvXC9sYWdlbmNlaW1tb2VzcGFnbmUuY29tXC93cC1jb250ZW50XC91cGxvYWRzXC8yMDI0XC8wMVwvc2Fsb24tMi0yLndlYnAiLCJzbGlkZXNob3ciOiJkMWZkM2I3In0%3D\" href='https:\/\/lagenceimmoespagne.com\/wp-content\/uploads\/2024\/01\/salon-2-2.webp'><img loading=\"lazy\" decoding=\"async\" width=\"150\" height=\"150\" src=\"https:\/\/lagenceimmoespagne.com\/wp-content\/uploads\/2024\/01\/salon-2-2-150x150.webp\" class=\"attachment-thumbnail size-thumbnail\" alt=\"\" srcset=\"https:\/\/lagenceimmoespagne.com\/wp-content\/uploads\/2024\/01\/salon-2-2-150x150.webp 150w, https:\/\/lagenceimmoespagne.com\/wp-content\/uploads\/2024\/01\/salon-2-2-120x120.webp 120w, https:\/\/lagenceimmoespagne.com\/wp-content\/uploads\/2024\/01\/salon-2-2-45x45.webp 45w, https:\/\/lagenceimmoespagne.com\/wp-content\/uploads\/2024\/01\/salon-2-2-36x36.webp 36w\" sizes=\"(max-width: 150px) 100vw, 150px\" \/><\/a>\n\t\t\t<\/dt><\/dl><dl class='gallery-item'>\n\t\t\t<dt class='gallery-icon landscape'>\n\t\t\t\t<a data-elementor-open-lightbox=\"yes\" data-elementor-lightbox-slideshow=\"d1fd3b7\" data-elementor-lightbox-title=\"salon 4\" data-e-action-hash=\"#elementor-action%3Aaction%3Dlightbox%26settings%3DeyJpZCI6MjIxNzQsInVybCI6Imh0dHBzOlwvXC9sYWdlbmNlaW1tb2VzcGFnbmUuY29tXC93cC1jb250ZW50XC91cGxvYWRzXC8yMDI0XC8wMVwvc2Fsb24tNC0yLndlYnAiLCJzbGlkZXNob3ciOiJkMWZkM2I3In0%3D\" href='https:\/\/lagenceimmoespagne.com\/wp-content\/uploads\/2024\/01\/salon-4-2.webp'><img loading=\"lazy\" decoding=\"async\" width=\"150\" height=\"150\" src=\"https:\/\/lagenceimmoespagne.com\/wp-content\/uploads\/2024\/01\/salon-4-2-150x150.webp\" class=\"attachment-thumbnail size-thumbnail\" alt=\"\" srcset=\"https:\/\/lagenceimmoespagne.com\/wp-content\/uploads\/2024\/01\/salon-4-2-150x150.webp 150w, https:\/\/lagenceimmoespagne.com\/wp-content\/uploads\/2024\/01\/salon-4-2-120x120.webp 120w, https:\/\/lagenceimmoespagne.com\/wp-content\/uploads\/2024\/01\/salon-4-2-45x45.webp 45w, https:\/\/lagenceimmoespagne.com\/wp-content\/uploads\/2024\/01\/salon-4-2-36x36.webp 36w\" sizes=\"(max-width: 150px) 100vw, 150px\" \/><\/a>\n\t\t\t<\/dt><\/dl><br style=\"clear: both\" \/>\n\t\t<\/div>\n\t\t<\/div>\n\t\t\t\t\t\t<\/div>\n\t\t\t\t<\/div>\n\t\t\t\t\t<\/div>\n\t\t\t\t<\/div>\n\t\t<div class=\"elementor-element elementor-element-d405d1e e-flex e-con-boxed e-con e-parent\" data-id=\"d405d1e\" data-element_type=\"container\">\n\t\t\t\t\t<div class=\"e-con-inner\">\n\t\t\t\t<div class=\"elementor-element elementor-element-357f75f elementor-widget elementor-widget-text-editor\" data-id=\"357f75f\" data-element_type=\"widget\" data-widget_type=\"text-editor.default\">\n\t\t\t\t<div class=\"elementor-widget-container\">\n\t\t\t\t\t\t\t\t\t<p><strong>Villa m\u00e9diterran\u00e9enne au coeur de la Costa Brava<\/strong><\/p><p>Magnifique demeure seigneuriale \u00e0 Pals, id\u00e9ale pour les familles nombreuses.<\/p><p>Situ\u00e9e au coeur de l&#039;Emporda, sur la Costa Brava, dans un quartier r\u00e9sidentiel tr\u00e8s calme, avec un acc\u00e8s tr\u00e8s rapide \u00e0 la plage de Pals (environ 3 km) et \u00e0 son centre historique (environ 3 km), cette maison a \u00e9t\u00e9 r\u00e9nov\u00e9e en 2022 en pr\u00e9servant son style m\u00e9diterran\u00e9en traditionnel et charme unique.<\/p><p>Aux dimensions tr\u00e8s g\u00e9n\u00e9reuses, elle dispose de 5 chambres doubles, 4 salles de bains int\u00e9gr\u00e9es, un salon de 80 m2 et de grands porches, id\u00e9aux pour profiter de la vue et du beau temps en famille.<\/p><p>La maison se compose d&#039;un beau jardin de plus de 1000 m\u00e8tres carr\u00e9s, elle offre beaucoup d&#039;intimit\u00e9, de vastes zones de terrasses et de porches.<\/p><p>Une magnifique villa \u00e0 vivre en famille et\/ou entre amis, id\u00e9ale pour 10 personnes avec beaucoup d&#039;espace et d&#039;intimit\u00e9.<\/p><p>Il dispose du WIFI et de la t\u00e9l\u00e9vision (cha\u00eenes espagnoles). Avec piscine.<\/p><p>Pour plus d&#039;informations sur les disponibilit\u00e9s et les tarifs contactez S\u00e9verine.<\/p>\t\t\t\t\t\t\t\t<\/div>\n\t\t\t\t<\/div>\n\t\t\t\t\t<\/div>\n\t\t\t\t<\/div>\n\t\t<div class=\"elementor-element elementor-element-d21277b e-flex e-con-boxed e-con e-parent\" data-id=\"d21277b\" data-element_type=\"container\">\n\t\t\t\t\t<div class=\"e-con-inner\">\n\t\t\t\t<div class=\"elementor-element elementor-element-079db90 elementor-align-center elementor-widget elementor-widget-button\" data-id=\"079db90\" data-element_type=\"widget\" data-widget_type=\"button.default\">\n\t\t\t\t<div class=\"elementor-widget-container\">\n\t\t\t\t\t\t\t\t\t<div class=\"elementor-button-wrapper\">\n\t\t\t\t\t<a class=\"elementor-button elementor-button-link elementor-size-sm\" href=\"https:\/\/lagenceimmoespagne.com\/fr\/contacto\/\">\n\t\t\t\t\t\t<span class=\"elementor-button-content-wrapper\">\n\t\t\t\t\t\t\t\t\t<span class=\"elementor-button-text\">Contactez-nous<\/span>\n\t\t\t\t\t<\/span>\n\t\t\t\t\t<\/a>\n\t\t\t\t<\/div>\n\t\t\t\t\t\t\t\t<\/div>\n\t\t\t\t<\/div>\n\t\t\t\t\t<\/div>\n\t\t\t\t<\/div>\n\t\t\t\t<\/div>","protected":false},"excerpt":{"rendered":"<p>Villa Mediterr\u00e1nea en coraz\u00f3n de la Costa Brava Magnifica casa se\u00f1orial en Pals, Ideal para familias grandes. Situada en el coraz\u00f3n del Emporda, en la Costa Brava, en una zona residencial muy tranquila, con un acceso muy r\u00e1pido a la playa de Pals ( unos 3 km) y a su centro hist\u00f3rico ( unos 3 km), esta casa ha sido reformada en 2022 preservando &#8230;<\/p>","protected":false},"featured_media":22620,"comment_status":"open","ping_status":"closed","template":"","property_category":[71],"property_action_category":[61],"property_city":[],"property_area":[],"property_county_state":[],"property_features":[60,74],"property_status":[],"class_list":["post-22149","estate_property","type-estate_property","status-publish","has-post-thumbnail","hentry","property_category-villas","property_action_category-alquiler","property_features-piscina","property_features-wifi"],"yoast_head":"<!-- This site is optimized with the Yoast SEO plugin v26.5 - https:\/\/yoast.com\/wordpress\/plugins\/seo\/ -->\n<title>Villa Retiro - Pals - L\u2019AGENCE AGENCE INMOBILIERE<\/title>\n<meta name=\"robots\" content=\"index, follow, max-snippet:-1, max-image-preview:large, max-video-preview:-1\" \/>\n<link rel=\"canonical\" href=\"https:\/\/lagenceimmoespagne.com\/fr\/estate_property\/villa-bella-vida\/\" \/>\n<meta property=\"og:locale\" content=\"fr_FR\" \/>\n<meta property=\"og:type\" content=\"article\" \/>\n<meta property=\"og:title\" content=\"Villa Retiro - Pals - L\u2019AGENCE AGENCE INMOBILIERE\" \/>\n<meta property=\"og:description\" content=\"Villa Mediterr\u00e1nea en coraz\u00f3n de la Costa Brava Magnifica casa se\u00f1orial en Pals, Ideal para familias grandes. Situada en el coraz\u00f3n del Emporda, en la Costa Brava, en una zona residencial muy tranquila, con un acceso muy r\u00e1pido a la playa de Pals ( unos 3 km) y a su centro hist\u00f3rico ( unos 3 km), esta casa ha sido reformada en 2022 preservando ...\" \/>\n<meta property=\"og:url\" content=\"https:\/\/lagenceimmoespagne.com\/fr\/estate_property\/villa-bella-vida\/\" \/>\n<meta property=\"og:site_name\" content=\"L\u2019AGENCE AGENCE INMOBILIERE\" \/>\n<meta property=\"article:modified_time\" content=\"2024-07-26T14:20:46+00:00\" \/>\n<meta property=\"og:image\" content=\"https:\/\/lagenceimmoespagne.com\/wp-content\/uploads\/2024\/01\/Captura-de-pantalla-2024-07-26-155513.png\" \/>\n\t<meta property=\"og:image:width\" content=\"742\" \/>\n\t<meta property=\"og:image:height\" content=\"371\" \/>\n\t<meta property=\"og:image:type\" content=\"image\/png\" \/>\n<meta name=\"twitter:card\" content=\"summary_large_image\" \/>\n<meta name=\"twitter:label1\" content=\"Dur\u00e9e de lecture estim\u00e9e\" \/>\n\t<meta name=\"twitter:data1\" content=\"4 minutes\" \/>\n<script type=\"application\/ld+json\" class=\"yoast-schema-graph\">{\"@context\":\"https:\/\/schema.org\",\"@graph\":[{\"@type\":\"WebPage\",\"@id\":\"https:\/\/lagenceimmoespagne.com\/estate_property\/villa-bella-vida\/\",\"url\":\"https:\/\/lagenceimmoespagne.com\/estate_property\/villa-bella-vida\/\",\"name\":\"Villa Retiro - Pals - L\u2019AGENCE AGENCE INMOBILIERE\",\"isPartOf\":{\"@id\":\"https:\/\/lagenceimmoespagne.com\/#website\"},\"primaryImageOfPage\":{\"@id\":\"https:\/\/lagenceimmoespagne.com\/estate_property\/villa-bella-vida\/#primaryimage\"},\"image\":{\"@id\":\"https:\/\/lagenceimmoespagne.com\/estate_property\/villa-bella-vida\/#primaryimage\"},\"thumbnailUrl\":\"https:\/\/lagenceimmoespagne.com\/wp-content\/uploads\/2024\/01\/Captura-de-pantalla-2024-07-26-155513.png\",\"datePublished\":\"2024-01-18T15:31:23+00:00\",\"dateModified\":\"2024-07-26T14:20:46+00:00\",\"breadcrumb\":{\"@id\":\"https:\/\/lagenceimmoespagne.com\/estate_property\/villa-bella-vida\/#breadcrumb\"},\"inLanguage\":\"fr-FR\",\"potentialAction\":[{\"@type\":\"ReadAction\",\"target\":[\"https:\/\/lagenceimmoespagne.com\/estate_property\/villa-bella-vida\/\"]}]},{\"@type\":\"ImageObject\",\"inLanguage\":\"fr-FR\",\"@id\":\"https:\/\/lagenceimmoespagne.com\/estate_property\/villa-bella-vida\/#primaryimage\",\"url\":\"https:\/\/lagenceimmoespagne.com\/wp-content\/uploads\/2024\/01\/Captura-de-pantalla-2024-07-26-155513.png\",\"contentUrl\":\"https:\/\/lagenceimmoespagne.com\/wp-content\/uploads\/2024\/01\/Captura-de-pantalla-2024-07-26-155513.png\",\"width\":742,\"height\":371},{\"@type\":\"BreadcrumbList\",\"@id\":\"https:\/\/lagenceimmoespagne.com\/estate_property\/villa-bella-vida\/#breadcrumb\",\"itemListElement\":[{\"@type\":\"ListItem\",\"position\":1,\"name\":\"Portada\",\"item\":\"https:\/\/lagenceimmoespagne.com\/\"},{\"@type\":\"ListItem\",\"position\":2,\"name\":\"Propiedades\",\"item\":\"https:\/\/lagenceimmoespagne.com\/estate_property\/\"},{\"@type\":\"ListItem\",\"position\":3,\"name\":\"Villa Retiro &#8211; Pals\"}]},{\"@type\":\"WebSite\",\"@id\":\"https:\/\/lagenceimmoespagne.com\/#website\",\"url\":\"https:\/\/lagenceimmoespagne.com\/\",\"name\":\"L\u2019AGENCE AGENCE INMOBILIERE\",\"description\":\"\",\"potentialAction\":[{\"@type\":\"SearchAction\",\"target\":{\"@type\":\"EntryPoint\",\"urlTemplate\":\"https:\/\/lagenceimmoespagne.com\/?s={search_term_string}\"},\"query-input\":{\"@type\":\"PropertyValueSpecification\",\"valueRequired\":true,\"valueName\":\"search_term_string\"}}],\"inLanguage\":\"fr-FR\"}]}<\/script>\n<!-- \/ Yoast SEO plugin. -->","yoast_head_json":{"title":"Villa Retiro - Pals - L\u2019AGENCE AGENCE INMOBILIERE","robots":{"index":"index","follow":"follow","max-snippet":"max-snippet:-1","max-image-preview":"max-image-preview:large","max-video-preview":"max-video-preview:-1"},"canonical":"https:\/\/lagenceimmoespagne.com\/fr\/estate_property\/villa-bella-vida\/","og_locale":"fr_FR","og_type":"article","og_title":"Villa Retiro - Pals - L\u2019AGENCE AGENCE INMOBILIERE","og_description":"Villa Mediterr\u00e1nea en coraz\u00f3n de la Costa Brava Magnifica casa se\u00f1orial en Pals, Ideal para familias grandes. Situada en el coraz\u00f3n del Emporda, en la Costa Brava, en una zona residencial muy tranquila, con un acceso muy r\u00e1pido a la playa de Pals ( unos 3 km) y a su centro hist\u00f3rico ( unos 3 km), esta casa ha sido reformada en 2022 preservando ...","og_url":"https:\/\/lagenceimmoespagne.com\/fr\/estate_property\/villa-bella-vida\/","og_site_name":"L\u2019AGENCE AGENCE INMOBILIERE","article_modified_time":"2024-07-26T14:20:46+00:00","og_image":[{"width":742,"height":371,"url":"https:\/\/lagenceimmoespagne.com\/wp-content\/uploads\/2024\/01\/Captura-de-pantalla-2024-07-26-155513.png","type":"image\/png"}],"twitter_card":"summary_large_image","twitter_misc":{"Dur\u00e9e de lecture estim\u00e9e":"4 minutes"},"schema":{"@context":"https:\/\/schema.org","@graph":[{"@type":"WebPage","@id":"https:\/\/lagenceimmoespagne.com\/estate_property\/villa-bella-vida\/","url":"https:\/\/lagenceimmoespagne.com\/estate_property\/villa-bella-vida\/","name":"Villa Retiro - Pals - L\u2019AGENCE AGENCE INMOBILIERE","isPartOf":{"@id":"https:\/\/lagenceimmoespagne.com\/#website"},"primaryImageOfPage":{"@id":"https:\/\/lagenceimmoespagne.com\/estate_property\/villa-bella-vida\/#primaryimage"},"image":{"@id":"https:\/\/lagenceimmoespagne.com\/estate_property\/villa-bella-vida\/#primaryimage"},"thumbnailUrl":"https:\/\/lagenceimmoespagne.com\/wp-content\/uploads\/2024\/01\/Captura-de-pantalla-2024-07-26-155513.png","datePublished":"2024-01-18T15:31:23+00:00","dateModified":"2024-07-26T14:20:46+00:00","breadcrumb":{"@id":"https:\/\/lagenceimmoespagne.com\/estate_property\/villa-bella-vida\/#breadcrumb"},"inLanguage":"fr-FR","potentialAction":[{"@type":"ReadAction","target":["https:\/\/lagenceimmoespagne.com\/estate_property\/villa-bella-vida\/"]}]},{"@type":"ImageObject","inLanguage":"fr-FR","@id":"https:\/\/lagenceimmoespagne.com\/estate_property\/villa-bella-vida\/#primaryimage","url":"https:\/\/lagenceimmoespagne.com\/wp-content\/uploads\/2024\/01\/Captura-de-pantalla-2024-07-26-155513.png","contentUrl":"https:\/\/lagenceimmoespagne.com\/wp-content\/uploads\/2024\/01\/Captura-de-pantalla-2024-07-26-155513.png","width":742,"height":371},{"@type":"BreadcrumbList","@id":"https:\/\/lagenceimmoespagne.com\/estate_property\/villa-bella-vida\/#breadcrumb","itemListElement":[{"@type":"ListItem","position":1,"name":"Portada","item":"https:\/\/lagenceimmoespagne.com\/"},{"@type":"ListItem","position":2,"name":"Propiedades","item":"https:\/\/lagenceimmoespagne.com\/estate_property\/"},{"@type":"ListItem","position":3,"name":"Villa Retiro &#8211; Pals"}]},{"@type":"WebSite","@id":"https:\/\/lagenceimmoespagne.com\/#website","url":"https:\/\/lagenceimmoespagne.com\/","name":"L\u2019AGENCE AGENCE INMOBILIERE","description":"","potentialAction":[{"@type":"SearchAction","target":{"@type":"EntryPoint","urlTemplate":"https:\/\/lagenceimmoespagne.com\/?s={search_term_string}"},"query-input":{"@type":"PropertyValueSpecification","valueRequired":true,"valueName":"search_term_string"}}],"inLanguage":"fr-FR"}]}},"_links":{"self":[{"href":"https:\/\/lagenceimmoespagne.com\/fr\/wp-json\/wp\/v2\/estate_property\/22149","targetHints":{"allow":["GET"]}}],"collection":[{"href":"https:\/\/lagenceimmoespagne.com\/fr\/wp-json\/wp\/v2\/estate_property"}],"about":[{"href":"https:\/\/lagenceimmoespagne.com\/fr\/wp-json\/wp\/v2\/types\/estate_property"}],"replies":[{"embeddable":true,"href":"https:\/\/lagenceimmoespagne.com\/fr\/wp-json\/wp\/v2\/comments?post=22149"}],"version-history":[{"count":0,"href":"https:\/\/lagenceimmoespagne.com\/fr\/wp-json\/wp\/v2\/estate_property\/22149\/revisions"}],"wp:featuredmedia":[{"embeddable":true,"href":"https:\/\/lagenceimmoespagne.com\/fr\/wp-json\/wp\/v2\/media\/22620"}],"wp:attachment":[{"href":"https:\/\/lagenceimmoespagne.com\/fr\/wp-json\/wp\/v2\/media?parent=22149"}],"wp:term":[{"taxonomy":"property_category","embeddable":true,"href":"https:\/\/lagenceimmoespagne.com\/fr\/wp-json\/wp\/v2\/property_category?post=22149"},{"taxonomy":"property_action_category","embeddable":true,"href":"https:\/\/lagenceimmoespagne.com\/fr\/wp-json\/wp\/v2\/property_action_category?post=22149"},{"taxonomy":"property_city","embeddable":true,"href":"https:\/\/lagenceimmoespagne.com\/fr\/wp-json\/wp\/v2\/property_city?post=22149"},{"taxonomy":"property_area","embeddable":true,"href":"https:\/\/lagenceimmoespagne.com\/fr\/wp-json\/wp\/v2\/property_area?post=22149"},{"taxonomy":"property_county_state","embeddable":true,"href":"https:\/\/lagenceimmoespagne.com\/fr\/wp-json\/wp\/v2\/property_county_state?post=22149"},{"taxonomy":"property_features","embeddable":true,"href":"https:\/\/lagenceimmoespagne.com\/fr\/wp-json\/wp\/v2\/property_features?post=22149"},{"taxonomy":"property_status","embeddable":true,"href":"https:\/\/lagenceimmoespagne.com\/fr\/wp-json\/wp\/v2\/property_status?post=22149"}],"curies":[{"name":"wp","href":"https:\/\/api.w.org\/{rel}","templated":true}]}}