{"id":19961,"date":"2023-05-04T06:23:50","date_gmt":"2023-05-04T06:23:50","guid":{"rendered":"https:\/\/lagenceimmoespagne.com\/?page_id=19961"},"modified":"2023-05-10T00:07:03","modified_gmt":"2023-05-10T00:07:03","slug":"politica-de-privacidad","status":"publish","type":"page","link":"https:\/\/lagenceimmoespagne.com\/en\/politica-de-privacidad\/","title":{"rendered":"Privacy Policy"},"content":{"rendered":"<div data-elementor-type=\"wp-page\" data-elementor-id=\"19961\" class=\"elementor elementor-19961\">\n\t\t\t\t\t\t<section class=\"elementor-section elementor-top-section elementor-element elementor-element-40f8b10 elementor-section-boxed elementor-section-height-default elementor-section-height-default\" data-id=\"40f8b10\" data-element_type=\"section\">\n\t\t\t\t\t\t<div class=\"elementor-container elementor-column-gap-default\">\n\t\t\t\t\t<div class=\"elementor-column elementor-col-100 elementor-top-column elementor-element elementor-element-561a61a\" data-id=\"561a61a\" data-element_type=\"column\">\n\t\t\t<div class=\"elementor-widget-wrap elementor-element-populated\">\n\t\t\t\t\t\t<div class=\"elementor-element elementor-element-004e0ca elementor-widget elementor-widget-heading\" data-id=\"004e0ca\" data-element_type=\"widget\" data-widget_type=\"heading.default\">\n\t\t\t\t<div class=\"elementor-widget-container\">\n\t\t\t\t\t<h1 class=\"elementor-heading-title elementor-size-xxl\">WEBSITE PRIVACY POLICY<\/h1>\t\t\t\t<\/div>\n\t\t\t\t<\/div>\n\t\t\t\t<div class=\"elementor-element elementor-element-db5e493 elementor-widget elementor-widget-heading\" data-id=\"db5e493\" data-element_type=\"widget\" data-widget_type=\"heading.default\">\n\t\t\t\t<div class=\"elementor-widget-container\">\n\t\t\t\t\t<h2 class=\"elementor-heading-title elementor-size-medium\">www.lagenceimmoespagne.com<\/h2>\t\t\t\t<\/div>\n\t\t\t\t<\/div>\n\t\t\t\t<div class=\"elementor-element elementor-element-dfdbd56 elementor-widget elementor-widget-heading\" data-id=\"dfdbd56\" data-element_type=\"widget\" data-widget_type=\"heading.default\">\n\t\t\t\t<div class=\"elementor-widget-container\">\n\t\t\t\t\t<h2 class=\"elementor-heading-title elementor-size-default\">I. PRIVACY AND DATA PROTECTION POLICY<\/h2>\t\t\t\t<\/div>\n\t\t\t\t<\/div>\n\t\t\t\t<div class=\"elementor-element elementor-element-63e76ae elementor-widget elementor-widget-text-editor\" data-id=\"63e76ae\" data-element_type=\"widget\" data-widget_type=\"text-editor.default\">\n\t\t\t\t<div class=\"elementor-widget-container\">\n\t\t\t\t\t\t\t\t\t<p><span style=\"color: #333333; font-size: 14pt;\">Respecting the provisions of current legislation, L\\&#039;agence Immo Espagne (hereinafter also Site<\/span><br \/><span style=\"color: #333333; font-size: 14pt;\">Web) undertakes to adopt the necessary technical and organizational measures, according to the level of<\/span><br \/><span style=\"color: #333333; font-size: 14pt;\">security appropriate to the risk of the data collected.<\/span><\/p>\t\t\t\t\t\t\t\t<\/div>\n\t\t\t\t<\/div>\n\t\t\t\t<div class=\"elementor-element elementor-element-1393682 elementor-widget elementor-widget-heading\" data-id=\"1393682\" data-element_type=\"widget\" data-widget_type=\"heading.default\">\n\t\t\t\t<div class=\"elementor-widget-container\">\n\t\t\t\t\t<h3 class=\"elementor-heading-title elementor-size-default\">Laws that this privacy policy incorporates<\/h3>\t\t\t\t<\/div>\n\t\t\t\t<\/div>\n\t\t\t\t<div class=\"elementor-element elementor-element-9624cbe elementor-widget elementor-widget-text-editor\" data-id=\"9624cbe\" data-element_type=\"widget\" data-widget_type=\"text-editor.default\">\n\t\t\t\t<div class=\"elementor-widget-container\">\n\t\t\t\t\t\t\t\t\t<p><span style=\"color: #333333; font-size: 14pt;\">This privacy policy is adapted to current Spanish and European regulations regarding the protection of personal data on the internet. Specifically, it respects the following rules:\u00a0<\/span><\/p><ul><li><span style=\"color: #333333; font-size: 14pt;\">Regulation (EU) 2016\/679 of the European Parliament and of the Council, of April 27, 2016, on the protection of natural persons with regard to the processing of personal data and the free circulation of these data (GDPR).\u00a0<\/span><\/li><li><span style=\"color: #333333; font-size: 14pt;\">Organic Law 3\/2018, of December 5, on the Protection of Personal Data and guarantee of digital rights (LOPD-GDD).\u00a0<\/span><\/li><li><span style=\"color: #333333; font-size: 14pt;\">Royal Decree 1720\/2007, of December 21, which approves the Regulations for the development of Organic Law 15\/1999, of December 13, on the Protection of Personal Data (RDLOPD).\u00a0<\/span><\/li><li><span style=\"color: #333333; font-size: 14pt;\">Law 34\/2002, of July 11, on Information Society Services and Electronic Commerce (LSSI-CE).\u00a0<\/span><\/li><\/ul>\t\t\t\t\t\t\t\t<\/div>\n\t\t\t\t<\/div>\n\t\t\t\t<div class=\"elementor-element elementor-element-3a077a2 elementor-widget elementor-widget-heading\" data-id=\"3a077a2\" data-element_type=\"widget\" data-widget_type=\"heading.default\">\n\t\t\t\t<div class=\"elementor-widget-container\">\n\t\t\t\t\t<h3 class=\"elementor-heading-title elementor-size-default\">Identity of the person responsible for the processing of personal data<\/h3>\t\t\t\t<\/div>\n\t\t\t\t<\/div>\n\t\t\t\t<div class=\"elementor-element elementor-element-b07a134 elementor-widget elementor-widget-text-editor\" data-id=\"b07a134\" data-element_type=\"widget\" data-widget_type=\"text-editor.default\">\n\t\t\t\t<div class=\"elementor-widget-container\">\n\t\t\t\t\t\t\t\t\t<p><span style=\"font-size: 14pt; color: #170e0e;\">The person responsible for the processing of personal data collected at L\\&#039;agence Immo Espagne is: Quiwes, SL, provided with NIF\/CIF: B09645912 and registered in: Girona Commercial Registry with the following registration data: Entry number 1\/2022\/ 697 \u2013 journal 285 \u2013 entry 939 \u2013 volume 3262 \u2013 folio 192 \u2013 entry 1 with sheet GI-69760, whose representative is: S\u00e9verine Weiss (hereinafter, Data Controller). Their contact information is as follows:\u00a0<\/span><\/p><p><span style=\"font-size: 14pt; color: #170e0e;\">Address: P\u00e1g. Amatista, 22, 17252, Calonge, Spain\u00a0<\/span><\/p><p><span style=\"font-size: 14pt; color: #170e0e;\">Contact telephone number: 0034 657 571 845\u00a0<\/span><\/p><p><span style=\"font-size: 14pt; color: #170e0e;\">Contact email: info@lagenceimmoespagne.com<\/span><\/p>\t\t\t\t\t\t\t\t<\/div>\n\t\t\t\t<\/div>\n\t\t\t\t<div class=\"elementor-element elementor-element-a3d8321 elementor-widget elementor-widget-heading\" data-id=\"a3d8321\" data-element_type=\"widget\" data-widget_type=\"heading.default\">\n\t\t\t\t<div class=\"elementor-widget-container\">\n\t\t\t\t\t<h3 class=\"elementor-heading-title elementor-size-default\">Registration of Personal Data<\/h3>\t\t\t\t<\/div>\n\t\t\t\t<\/div>\n\t\t\t\t<div class=\"elementor-element elementor-element-7cda87c elementor-widget elementor-widget-text-editor\" data-id=\"7cda87c\" data-element_type=\"widget\" data-widget_type=\"text-editor.default\">\n\t\t\t\t<div class=\"elementor-widget-container\">\n\t\t\t\t\t\t\t\t\t<p><span style=\"font-size: 14pt; color: #170e0e;\">In compliance with the provisions of the RGPD and the LOPD-GDD, we inform you that the personal data collected by L\\&#039;agence Immo Espagne, through the forms extended on its pages, will be incorporated and will be processed in our file in order to facilitate , expedite and fulfill the commitments established between L\\&#039;agence Immo Espagne and the User or the maintenance of the relationship established in the forms that the User fills out, or to respond to a request or query from the same. Likewise, in accordance with the provisions of the RGPD and the LOPD-GDD, unless the exception provided for in article 30.5 of the RGPD applies, a record of processing activities is maintained that specifies, according to its purposes, the processing activities. carried out and the other circumstances established in the RGPD.<\/span><\/p>\t\t\t\t\t\t\t\t<\/div>\n\t\t\t\t<\/div>\n\t\t\t\t<div class=\"elementor-element elementor-element-81659e2 elementor-widget elementor-widget-heading\" data-id=\"81659e2\" data-element_type=\"widget\" data-widget_type=\"heading.default\">\n\t\t\t\t<div class=\"elementor-widget-container\">\n\t\t\t\t\t<h3 class=\"elementor-heading-title elementor-size-default\">Principles applicable to the processing of personal data<\/h3>\t\t\t\t<\/div>\n\t\t\t\t<\/div>\n\t\t\t\t<div class=\"elementor-element elementor-element-aa6f2db elementor-widget elementor-widget-text-editor\" data-id=\"aa6f2db\" data-element_type=\"widget\" data-widget_type=\"text-editor.default\">\n\t\t\t\t<div class=\"elementor-widget-container\">\n\t\t\t\t\t\t\t\t\t<p><span style=\"font-size: 14pt; color: #170e0e;\">The processing of the User&#039;s personal data will be subject to the following principles included in article 5 of the RGPD and in article 4 and following of Organic Law 3\/2018, of December 5, on the Protection of Personal Data and guarantee of the digital rights:\u00a0<\/span><\/p><ul><li><span style=\"font-size: 14pt; color: #170e0e;\">Principle of legality, loyalty and transparency: the User&#039;s consent will be required at all times following completely transparent information about the purposes for which personal data is collected.\u00a0<\/span><\/li><li><span style=\"font-size: 14pt; color: #170e0e;\">Purpose limitation principle: personal data will be collected for specific, explicit and legitimate purposes.\u00a0<\/span><\/li><li><span style=\"font-size: 14pt; color: #170e0e;\">Data minimization principle: the personal data collected will only be strictly necessary in relation to the purposes for which they are processed.\u00a0<\/span><\/li><li><span style=\"font-size: 14pt; color: #170e0e;\">Accuracy principle: personal data must be accurate and always up to date.<\/span><\/li><li><span style=\"font-size: 14pt; color: #170e0e;\">Principle of limitation of the conservation period: personal data will only be maintained in a way that allows the identification of the User for the time necessary for the purposes of its processing.\u00a0<\/span><\/li><li><span style=\"font-size: 14pt; color: #170e0e;\">Principle of integrity and confidentiality: personal data will be treated in a way that guarantees its security and confidentiality.\u00a0<\/span><\/li><li><span style=\"font-size: 14pt; color: #170e0e;\">Principle of proactive responsibility: the Data Controller will be responsible for ensuring that the above principles are met.\u00a0<\/span><\/li><\/ul>\t\t\t\t\t\t\t\t<\/div>\n\t\t\t\t<\/div>\n\t\t\t\t<div class=\"elementor-element elementor-element-e5b4c1f elementor-widget elementor-widget-heading\" data-id=\"e5b4c1f\" data-element_type=\"widget\" data-widget_type=\"heading.default\">\n\t\t\t\t<div class=\"elementor-widget-container\">\n\t\t\t\t\t<h3 class=\"elementor-heading-title elementor-size-default\">Categories of personal data<\/h3>\t\t\t\t<\/div>\n\t\t\t\t<\/div>\n\t\t\t\t<div class=\"elementor-element elementor-element-1c89451 elementor-widget elementor-widget-text-editor\" data-id=\"1c89451\" data-element_type=\"widget\" data-widget_type=\"text-editor.default\">\n\t\t\t\t<div class=\"elementor-widget-container\">\n\t\t\t\t\t\t\t\t\t<p><span style=\"font-size: 14pt; color: #170e0e;\">The categories of data processed by L\\&#039;agence Immo Espagne are solely identifying data. Under no circumstances are special categories of personal data processed within the meaning of Article 9 of the GDPR.<\/span><\/p>\t\t\t\t\t\t\t\t<\/div>\n\t\t\t\t<\/div>\n\t\t\t\t<div class=\"elementor-element elementor-element-ab59906 elementor-widget elementor-widget-heading\" data-id=\"ab59906\" data-element_type=\"widget\" data-widget_type=\"heading.default\">\n\t\t\t\t<div class=\"elementor-widget-container\">\n\t\t\t\t\t<h3 class=\"elementor-heading-title elementor-size-default\">Legal basis for the processing of personal data\n<\/h3>\t\t\t\t<\/div>\n\t\t\t\t<\/div>\n\t\t\t\t<div class=\"elementor-element elementor-element-459edf8 elementor-widget elementor-widget-text-editor\" data-id=\"459edf8\" data-element_type=\"widget\" data-widget_type=\"text-editor.default\">\n\t\t\t\t<div class=\"elementor-widget-container\">\n\t\t\t\t\t\t\t\t\t<p><span style=\"font-size: 14pt; color: #170e0e;\">The legal basis for the processing of personal data is consent. L\\&#039;agence Immo Espagne undertakes to obtain the express and verifiable consent of the User for the processing of their personal data for one or more specific purposes.\u00a0<\/span><\/p><p><span style=\"font-size: 14pt; color: #170e0e;\">The User will have the right to withdraw their consent at any time. It will be as easy to withdraw consent as it is to give it. As a general rule, withdrawal of consent will not condition the use of the Website.\u00a0<\/span><\/p><p><span style=\"font-size: 14pt; color: #170e0e;\">On occasions in which the User must or can provide their data through forms to make queries, request information or for reasons related to the content of the Website, they will be informed if the completion of any of them is mandatory. because they are essential for the correct development of the operation carried out.<\/span><\/p>\t\t\t\t\t\t\t\t<\/div>\n\t\t\t\t<\/div>\n\t\t\t\t<div class=\"elementor-element elementor-element-da962b9 elementor-widget elementor-widget-heading\" data-id=\"da962b9\" data-element_type=\"widget\" data-widget_type=\"heading.default\">\n\t\t\t\t<div class=\"elementor-widget-container\">\n\t\t\t\t\t<h3 class=\"elementor-heading-title elementor-size-default\">Purposes of the processing for which personal data are intended<\/h3>\t\t\t\t<\/div>\n\t\t\t\t<\/div>\n\t\t\t\t<div class=\"elementor-element elementor-element-271292f elementor-widget elementor-widget-text-editor\" data-id=\"271292f\" data-element_type=\"widget\" data-widget_type=\"text-editor.default\">\n\t\t\t\t<div class=\"elementor-widget-container\">\n\t\t\t\t\t\t\t\t\t<p><span style=\"font-size: 14pt; color: #170e0e;\">Personal data is collected and managed by L\\&#039;agence Immo Espagne with the purpose of being able to facilitate, expedite and fulfill the commitments established between the Website and the User or the maintenance of the relationship established in the forms that the latter fills out. or to respond to a request or query.<\/span><\/p><p><span style=\"font-size: 14pt; color: #170e0e;\">\u00a0Likewise, the data may be used for commercial purposes of personalization, operational and statistical purposes, and activities specific to the corporate purpose of L\\&#039;agence Immo Espagne, as well as for the extraction, storage of data and marketing studies to adapt the Content offered. to the User, as well as improve the quality, operation and navigation of the Website.\u00a0<\/span><\/p><p><span style=\"font-size: 14pt; color: #170e0e;\">At the time the personal data is obtained, the User will be informed about the specific purpose or purposes of the processing for which the personal data will be used; that is, the use or uses that will be given to the information collected.<\/span><\/p>\t\t\t\t\t\t\t\t<\/div>\n\t\t\t\t<\/div>\n\t\t\t\t<div class=\"elementor-element elementor-element-808bd93 elementor-widget elementor-widget-heading\" data-id=\"808bd93\" data-element_type=\"widget\" data-widget_type=\"heading.default\">\n\t\t\t\t<div class=\"elementor-widget-container\">\n\t\t\t\t\t<h3 class=\"elementor-heading-title elementor-size-default\">Retention periods of personal data<\/h3>\t\t\t\t<\/div>\n\t\t\t\t<\/div>\n\t\t\t\t<div class=\"elementor-element elementor-element-03a8c7f elementor-widget elementor-widget-text-editor\" data-id=\"03a8c7f\" data-element_type=\"widget\" data-widget_type=\"text-editor.default\">\n\t\t\t\t<div class=\"elementor-widget-container\">\n\t\t\t\t\t\t\t\t\t<p><span style=\"color: #170e0e; font-size: 14pt;\">Personal data will only be retained for the minimum time necessary for the purposes of its processing and, in any case, only for the following period: 18 months, or until the User requests its deletion.<\/span><\/p><p><span style=\"color: #170e0e; font-size: 14pt;\">At the time the personal data is obtained, the User will be informed of the period for which the personal data will be retained or, where this is not possible, the criteria used to determine this period.<\/span><\/p>\t\t\t\t\t\t\t\t<\/div>\n\t\t\t\t<\/div>\n\t\t\t\t<div class=\"elementor-element elementor-element-c832690 elementor-widget elementor-widget-heading\" data-id=\"c832690\" data-element_type=\"widget\" data-widget_type=\"heading.default\">\n\t\t\t\t<div class=\"elementor-widget-container\">\n\t\t\t\t\t<h3 class=\"elementor-heading-title elementor-size-default\">Recipients of personal data<\/h3>\t\t\t\t<\/div>\n\t\t\t\t<\/div>\n\t\t\t\t<div class=\"elementor-element elementor-element-00600c6 elementor-widget elementor-widget-text-editor\" data-id=\"00600c6\" data-element_type=\"widget\" data-widget_type=\"text-editor.default\">\n\t\t\t\t<div class=\"elementor-widget-container\">\n\t\t\t\t\t\t\t\t\t<p><span style=\"font-size: 14pt; color: #170e0e;\">The User&#039;s personal data will be shared with the following recipients or categories of recipients:<\/span><\/p><p><span style=\"font-size: 14pt; color: #170e0e;\">\u00a0<\/span><\/p><p><span style=\"font-size: 14pt; color: #170e0e;\">\u00a0In the event that the Controller intends to transfer personal data to a third country or international organization, at the time the personal data is obtained, the User will be informed about the third country or international organization to which the data is transferred. intention to transfer the data, as well as the existence or absence of an adequacy decision by the Commission.\u00a0<\/span><\/p>\t\t\t\t\t\t\t\t<\/div>\n\t\t\t\t<\/div>\n\t\t\t\t<div class=\"elementor-element elementor-element-191561e elementor-widget elementor-widget-heading\" data-id=\"191561e\" data-element_type=\"widget\" data-widget_type=\"heading.default\">\n\t\t\t\t<div class=\"elementor-widget-container\">\n\t\t\t\t\t<h3 class=\"elementor-heading-title elementor-size-default\">Personal data of minors<\/h3>\t\t\t\t<\/div>\n\t\t\t\t<\/div>\n\t\t\t\t<div class=\"elementor-element elementor-element-862ecc5 elementor-widget elementor-widget-text-editor\" data-id=\"862ecc5\" data-element_type=\"widget\" data-widget_type=\"text-editor.default\">\n\t\t\t\t<div class=\"elementor-widget-container\">\n\t\t\t\t\t\t\t\t\t<p><span style=\"font-size: 14pt; color: #170e0e;\">Respecting the provisions of articles 8 of the RGPD and 7 of Organic Law 3\/2018, of December 5, on the Protection of Personal Data and guarantee of digital rights, only those over 14 years of age may grant their consent for the processing of your personal data lawfully by L\\&#039;agence Immo Espagne. If it is a minor under 14 years of age, the consent of the parents or guardians will be necessary for the treatment, and this will only be considered lawful to the extent that they have authorized it.<\/span><\/p>\t\t\t\t\t\t\t\t<\/div>\n\t\t\t\t<\/div>\n\t\t\t\t<div class=\"elementor-element elementor-element-c2ac493 elementor-widget elementor-widget-heading\" data-id=\"c2ac493\" data-element_type=\"widget\" data-widget_type=\"heading.default\">\n\t\t\t\t<div class=\"elementor-widget-container\">\n\t\t\t\t\t<h3 class=\"elementor-heading-title elementor-size-default\">Secrecy and security of personal data\n<\/h3>\t\t\t\t<\/div>\n\t\t\t\t<\/div>\n\t\t\t\t<div class=\"elementor-element elementor-element-0a13462 elementor-widget elementor-widget-text-editor\" data-id=\"0a13462\" data-element_type=\"widget\" data-widget_type=\"text-editor.default\">\n\t\t\t\t<div class=\"elementor-widget-container\">\n\t\t\t\t\t\t\t\t\t<p><span style=\"font-size: 14pt; color: #170e0e;\">L\\&#039;agence Immo Espagne undertakes to adopt the necessary technical and organizational measures, according to the level of security appropriate to the risk of the data collected, so as to guarantee the security of personal data and prevent destruction, loss or accidental or unlawful alteration of personal data transmitted, preserved or otherwise processed, or unauthorized communication or access to such data.\u00a0<\/span><\/p><p><span style=\"font-size: 14pt; color: #170e0e;\">However, because L\\&#039;agence Immo Espagne cannot guarantee the impregnability of the Internet or the total absence of hackers or others who fraudulently access personal data, the Data Controller undertakes to inform the User without undue delay. when a breach of personal data security occurs that is likely to entail a high risk to the rights and freedoms of natural persons. Following the provisions of Article 4 of the GDPR, a breach of personal data security is understood to be any breach of security that causes the accidental or unlawful destruction, loss or alteration of personal data transmitted, preserved or otherwise processed, or unauthorized communication or access to said data.\u00a0<\/span><\/p><p><span style=\"font-size: 14pt; color: #170e0e;\">The personal data will be treated as confidential by the Data Controller, who undertakes to inform and guarantee through a legal or contractual obligation that said confidentiality is respected by its employees, associates, and any person to whom it makes the information accessible. information.<\/span><\/p>\t\t\t\t\t\t\t\t<\/div>\n\t\t\t\t<\/div>\n\t\t\t\t<div class=\"elementor-element elementor-element-e89ad5b elementor-widget elementor-widget-heading\" data-id=\"e89ad5b\" data-element_type=\"widget\" data-widget_type=\"heading.default\">\n\t\t\t\t<div class=\"elementor-widget-container\">\n\t\t\t\t\t<h3 class=\"elementor-heading-title elementor-size-default\">Rights derived from the processing of personal data\n<\/h3>\t\t\t\t<\/div>\n\t\t\t\t<\/div>\n\t\t\t\t<div class=\"elementor-element elementor-element-f1acab0 elementor-widget elementor-widget-text-editor\" data-id=\"f1acab0\" data-element_type=\"widget\" data-widget_type=\"text-editor.default\">\n\t\t\t\t<div class=\"elementor-widget-container\">\n\t\t\t\t\t\t\t\t\t<p><span style=\"font-size: 14pt; color: #170e0e;\">The User has over L\\&#039;agence Immo Espagne and may, therefore, exercise against the Data Controller the following rights recognized in the RGPD and Organic Law 3\/2018, of December 5, on the Protection of Personal Data and guarantee of digital rights:\u00a0<\/span><\/p><ul><li><span style=\"font-size: 14pt; color: #170e0e;\">Right of access: It is the User&#039;s right to obtain confirmation of whether or not L\\&#039;agence Immo Espagne is processing their personal data and, if so, to obtain information about their specific personal data and the processing that L\\&#039;agence Immo Espagne has made or is making, as well as, among other things, the information available on the origin of said data and the recipients of the communications made or planned for them.\u00a0<\/span><\/li><li><span style=\"font-size: 14pt; color: #170e0e;\">Right to rectification: It is the User&#039;s right to have their personal data modified that turns out to be inaccurate or, taking into account the purposes of the processing, incomplete.\u00a0<\/span><\/li><li><span style=\"font-size: 14pt; color: #170e0e;\">Right to deletion (\\\u00bbthe right to be forgotten\\\u00bb): It is the right of the User, provided that current legislation does not establish otherwise, to obtain the deletion of their personal data when they are no longer necessary for the purposes for which they are no longer necessary. were collected or treated; The User has withdrawn his or her consent to the treatment and this does not have another legal basis; the User opposes the treatment and there is no other legitimate reason to continue with it; the personal data have been processed unlawfully; personal data must be deleted in compliance with a legal obligation; or the personal data have been obtained as a result of a direct offer of information society services to a minor under 14 years of age. In addition to deleting the data, the Controller, taking into account the available technology and the cost of its application, must take reasonable measures to inform those responsible who are processing the personal data of the interested party&#039;s request to delete any link to those personal data.\u00a0<\/span><\/li><li><span style=\"font-size: 14pt; color: #170e0e;\">Right to limitation of processing: It is the User&#039;s right to limit the processing of their personal data. The User has the right to obtain the limitation of processing when he challenges the accuracy of his personal data; the treatment is illicit; The Data Controller no longer needs the personal data, but the User needs it to make claims; and when the User has opposed the treatment.\u00a0<\/span><\/li><li><span style=\"font-size: 14pt; color: #170e0e;\">Right to data portability: In the event that the processing is carried out by automated means, the User will have the right to receive their personal data from the Data Controller in a structured, commonly used and machine-readable format, and to transmit them to another controller. of the treatment. Whenever technically possible, the Data Controller will directly transmit the data to that other controller.\u00a0<\/span><\/li><li><span style=\"font-size: 14pt; color: #170e0e;\">Right to object: It is the User&#039;s right not to have their personal data processed or to have their processing ceased by L\\&#039;agence Immo Espagne.\u00a0<\/span><\/li><li><span style=\"font-size: 14pt; color: #170e0e;\">Right not to be subject to a decision based solely on automated processing, including profiling: This is the User&#039;s right not to be subject to an individualized decision based solely on the automated processing of their personal data, including profiling. , existing unless current legislation establishes otherwise.\u00a0<\/span><\/li><\/ul><p><span style=\"font-size: 14pt; color: #170e0e;\">Thus, the User may exercise their rights by written communication addressed to the Data Controller with the reference \\\u00bbRGPD-www.lagenceimmoespagne.com\\\u00bb, specifying:\u00a0<\/span><\/p><ul><li><span style=\"font-size: 14pt; color: #170e0e;\">Name, surname of the User and copy of the DNI. In cases where representation is admitted, identification by the same means of the person representing the User will also be necessary, as well as the document accrediting the representation. The photocopy of the DNI may be replaced by any other legally valid means that proves identity.\u00a0<\/span><\/li><li><span style=\"font-size: 14pt; color: #170e0e;\">Request with the specific reasons for the request or information you want to access.\u00a0<\/span><\/li><li><span style=\"font-size: 14pt; color: #170e0e;\">Address for notification purposes.\u00a0<\/span><\/li><li><span style=\"font-size: 14pt; color: #170e0e;\">Date and signature of the applicant.\u00a0<\/span><\/li><li><span style=\"font-size: 14pt; color: #170e0e;\">Any document that proves the request you make.\u00a0<\/span><\/li><\/ul><p><span style=\"font-size: 14pt; color: #170e0e;\">This application and any other attached document may be sent to the following address and\/or email:\u00a0<\/span><\/p><p><span style=\"font-size: 14pt; color: #170e0e;\">Postal address: P\u00e1g. Amatista, 22, 17252, Calonge, Spain\u00a0<\/span><\/p><p><span style=\"color: #170e0e; font-size: 14pt; font-family: var( --e-global-typography-text-font-family ), Sans-serif; font-weight: var( --e-global-typography-text-font-weight );\">Email: info@lagenceimmoespagne.com<\/span><\/p>\t\t\t\t\t\t\t\t<\/div>\n\t\t\t\t<\/div>\n\t\t\t\t<div class=\"elementor-element elementor-element-9b7b39b elementor-widget elementor-widget-heading\" data-id=\"9b7b39b\" data-element_type=\"widget\" data-widget_type=\"heading.default\">\n\t\t\t\t<div class=\"elementor-widget-container\">\n\t\t\t\t\t<h3 class=\"elementor-heading-title elementor-size-default\">Links to third party websites<\/h3>\t\t\t\t<\/div>\n\t\t\t\t<\/div>\n\t\t\t\t<div class=\"elementor-element elementor-element-79fe4c5 elementor-widget elementor-widget-text-editor\" data-id=\"79fe4c5\" data-element_type=\"widget\" data-widget_type=\"text-editor.default\">\n\t\t\t\t<div class=\"elementor-widget-container\">\n\t\t\t\t\t\t\t\t\t<p><span style=\"font-size: 14pt; color: #170e0e;\">The Website may include hyperlinks or links that allow access to web pages of third parties other than L\\&#039;agence Immo Espagne, and which are therefore not operated by L\\&#039;agence Immo Espagne. The owners of these websites will have their own data protection policies, being themselves, in each case, responsible for their own files and their own privacy practices.<\/span><\/p>\t\t\t\t\t\t\t\t<\/div>\n\t\t\t\t<\/div>\n\t\t\t\t<div class=\"elementor-element elementor-element-bae211c elementor-widget elementor-widget-heading\" data-id=\"bae211c\" data-element_type=\"widget\" data-widget_type=\"heading.default\">\n\t\t\t\t<div class=\"elementor-widget-container\">\n\t\t\t\t\t<h3 class=\"elementor-heading-title elementor-size-default\">Claims before the supervisory authority<\/h3>\t\t\t\t<\/div>\n\t\t\t\t<\/div>\n\t\t\t\t<div class=\"elementor-element elementor-element-e17110e elementor-widget elementor-widget-text-editor\" data-id=\"e17110e\" data-element_type=\"widget\" data-widget_type=\"text-editor.default\">\n\t\t\t\t<div class=\"elementor-widget-container\">\n\t\t\t\t\t\t\t\t\t<p><span style=\"font-size: 14pt; color: #170e0e;\">In the event that the User considers that there is a problem or violation of current regulations in the way in which their personal data is being processed, they will have the right to effective judicial protection and to file a claim with a supervisory authority, in particular, in the State in which you have your habitual residence, place of work or place of the alleged infringement. In the case of Spain, the control authority is the Spanish Data Protection Agency (https:\/\/www.aepd.es\/).\u00a0<\/span><\/p>\t\t\t\t\t\t\t\t<\/div>\n\t\t\t\t<\/div>\n\t\t\t\t<div class=\"elementor-element elementor-element-c8e3dd1 elementor-widget elementor-widget-heading\" data-id=\"c8e3dd1\" data-element_type=\"widget\" data-widget_type=\"heading.default\">\n\t\t\t\t<div class=\"elementor-widget-container\">\n\t\t\t\t\t<h2 class=\"elementor-heading-title elementor-size-default\">II. ACCEPTANCE AND CHANGES TO THIS PRIVACY POLICY<\/h2>\t\t\t\t<\/div>\n\t\t\t\t<\/div>\n\t\t\t\t<div class=\"elementor-element elementor-element-a4544a8 elementor-widget elementor-widget-text-editor\" data-id=\"a4544a8\" data-element_type=\"widget\" data-widget_type=\"text-editor.default\">\n\t\t\t\t<div class=\"elementor-widget-container\">\n\t\t\t\t\t\t\t\t\t<p><span style=\"font-size: 14pt; color: #170e0e;\">It is necessary that the User has read and agrees with the conditions on the protection of personal data contained in this Privacy Policy, as well as that he accepts the processing of his personal data so that the Data Controller can proceed with it in the form, during the deadlines and for the purposes indicated. The use of the Website will imply acceptance of its Privacy Policy.\u00a0<\/span><\/p><p><span style=\"font-size: 14pt; color: #170e0e;\">L\\&#039;agence Immo Espagne reserves the right to modify its Privacy Policy, according to its own criteria, or motivated by a legislative, jurisprudential or doctrinal change of the Spanish Data Protection Agency. Changes or updates to this Privacy Policy will not be explicitly notified to the User. The User is recommended to consult this page periodically to be aware of the latest changes or updates.\u00a0<\/span><\/p><p><span style=\"font-size: 14pt; color: #170e0e;\">This Privacy Policy was updated to adapt to Regulation (EU) 2016\/679 of the European Parliament and of the Council, of April 27, 2016, regarding the protection of natural persons with regard to the processing of personal data and the freedom circulation of these data (RGPD) and Organic Law 3\/2018, of December 5, on the Protection of Personal Data and guarantee of digital rights.\u00a0<\/span><\/p><p><span style=\"font-size: 14pt; color: #170e0e;\">This website Privacy Policy document has been created using the free online web privacy policy template generator on 03\/03\/2023.<\/span><\/p>\t\t\t\t\t\t\t\t<\/div>\n\t\t\t\t<\/div>\n\t\t\t\t\t<\/div>\n\t\t<\/div>\n\t\t\t\t\t<\/div>\n\t\t<\/section>\n\t\t\t\t<\/div>","protected":false},"excerpt":{"rendered":"<p>POL\u00cdTICA DE PRIVACIDAD DEL SITIO WEB www.lagenceimmoespagne.com I. POL\u00cdTICA DE PRIVACIDAD Y PROTECCI\u00d3N DE DATOS Respetando lo establecido en la legislaci\u00f3n vigente, L&#8217;agence Immo Espagne (en adelante, tambi\u00e9n SitioWeb) se compromete a adoptar las medidas t\u00e9cnicas y organizativas necesarias, seg\u00fan el nivel deseguridad adecuado al riesgo de los datos recogidos. Leyes que incorpora esta pol\u00edtica de privacidad Esta pol\u00edtica de privacidad est\u00e1 adaptada a &#8230;<\/p>","protected":false},"author":2,"featured_media":0,"parent":0,"menu_order":0,"comment_status":"closed","ping_status":"closed","template":"","meta":{"footnotes":""},"class_list":["post-19961","page","type-page","status-publish","hentry"],"yoast_head":"<!-- This site is optimized with the Yoast SEO plugin v26.5 - https:\/\/yoast.com\/wordpress\/plugins\/seo\/ -->\n<title>Pol\u00edtica de privacidad - L\u2019AGENCE AGENCE INMOBILIERE<\/title>\n<meta name=\"robots\" content=\"index, follow, max-snippet:-1, max-image-preview:large, max-video-preview:-1\" \/>\n<link rel=\"canonical\" href=\"https:\/\/lagenceimmoespagne.com\/en\/politica-de-privacidad\/\" \/>\n<meta property=\"og:locale\" content=\"en_GB\" \/>\n<meta property=\"og:type\" content=\"article\" \/>\n<meta property=\"og:title\" content=\"Pol\u00edtica de privacidad - L\u2019AGENCE AGENCE INMOBILIERE\" \/>\n<meta property=\"og:description\" content=\"POL\u00cdTICA DE PRIVACIDAD DEL SITIO WEB www.lagenceimmoespagne.com I. POL\u00cdTICA DE PRIVACIDAD Y PROTECCI\u00d3N DE DATOS Respetando lo establecido en la legislaci\u00f3n vigente, L&#8217;agence Immo Espagne (en adelante, tambi\u00e9n SitioWeb) se compromete a adoptar las medidas t\u00e9cnicas y organizativas necesarias, seg\u00fan el nivel deseguridad adecuado al riesgo de los datos recogidos. Leyes que incorpora esta pol\u00edtica de privacidad Esta pol\u00edtica de privacidad est\u00e1 adaptada a ...\" \/>\n<meta property=\"og:url\" content=\"https:\/\/lagenceimmoespagne.com\/en\/politica-de-privacidad\/\" \/>\n<meta property=\"og:site_name\" content=\"L\u2019AGENCE AGENCE INMOBILIERE\" \/>\n<meta property=\"article:modified_time\" content=\"2023-05-10T00:07:03+00:00\" \/>\n<meta name=\"twitter:card\" content=\"summary_large_image\" \/>\n<meta name=\"twitter:label1\" content=\"Est. reading time\" \/>\n\t<meta name=\"twitter:data1\" content=\"14 minutes\" \/>\n<script type=\"application\/ld+json\" class=\"yoast-schema-graph\">{\"@context\":\"https:\/\/schema.org\",\"@graph\":[{\"@type\":\"WebPage\",\"@id\":\"https:\/\/lagenceimmoespagne.com\/politica-de-privacidad\/\",\"url\":\"https:\/\/lagenceimmoespagne.com\/politica-de-privacidad\/\",\"name\":\"Pol\u00edtica de privacidad - L\u2019AGENCE AGENCE INMOBILIERE\",\"isPartOf\":{\"@id\":\"https:\/\/lagenceimmoespagne.com\/#website\"},\"datePublished\":\"2023-05-04T06:23:50+00:00\",\"dateModified\":\"2023-05-10T00:07:03+00:00\",\"breadcrumb\":{\"@id\":\"https:\/\/lagenceimmoespagne.com\/politica-de-privacidad\/#breadcrumb\"},\"inLanguage\":\"en-GB\",\"potentialAction\":[{\"@type\":\"ReadAction\",\"target\":[\"https:\/\/lagenceimmoespagne.com\/politica-de-privacidad\/\"]}]},{\"@type\":\"BreadcrumbList\",\"@id\":\"https:\/\/lagenceimmoespagne.com\/politica-de-privacidad\/#breadcrumb\",\"itemListElement\":[{\"@type\":\"ListItem\",\"position\":1,\"name\":\"Portada\",\"item\":\"https:\/\/lagenceimmoespagne.com\/\"},{\"@type\":\"ListItem\",\"position\":2,\"name\":\"Pol\u00edtica de privacidad\"}]},{\"@type\":\"WebSite\",\"@id\":\"https:\/\/lagenceimmoespagne.com\/#website\",\"url\":\"https:\/\/lagenceimmoespagne.com\/\",\"name\":\"L\u2019AGENCE AGENCE INMOBILIERE\",\"description\":\"\",\"potentialAction\":[{\"@type\":\"SearchAction\",\"target\":{\"@type\":\"EntryPoint\",\"urlTemplate\":\"https:\/\/lagenceimmoespagne.com\/?s={search_term_string}\"},\"query-input\":{\"@type\":\"PropertyValueSpecification\",\"valueRequired\":true,\"valueName\":\"search_term_string\"}}],\"inLanguage\":\"en-GB\"}]}<\/script>\n<!-- \/ Yoast SEO plugin. -->","yoast_head_json":{"title":"Pol\u00edtica de privacidad - L\u2019AGENCE AGENCE INMOBILIERE","robots":{"index":"index","follow":"follow","max-snippet":"max-snippet:-1","max-image-preview":"max-image-preview:large","max-video-preview":"max-video-preview:-1"},"canonical":"https:\/\/lagenceimmoespagne.com\/en\/politica-de-privacidad\/","og_locale":"en_GB","og_type":"article","og_title":"Pol\u00edtica de privacidad - L\u2019AGENCE AGENCE INMOBILIERE","og_description":"POL\u00cdTICA DE PRIVACIDAD DEL SITIO WEB www.lagenceimmoespagne.com I. POL\u00cdTICA DE PRIVACIDAD Y PROTECCI\u00d3N DE DATOS Respetando lo establecido en la legislaci\u00f3n vigente, L&#8217;agence Immo Espagne (en adelante, tambi\u00e9n SitioWeb) se compromete a adoptar las medidas t\u00e9cnicas y organizativas necesarias, seg\u00fan el nivel deseguridad adecuado al riesgo de los datos recogidos. Leyes que incorpora esta pol\u00edtica de privacidad Esta pol\u00edtica de privacidad est\u00e1 adaptada a ...","og_url":"https:\/\/lagenceimmoespagne.com\/en\/politica-de-privacidad\/","og_site_name":"L\u2019AGENCE AGENCE INMOBILIERE","article_modified_time":"2023-05-10T00:07:03+00:00","twitter_card":"summary_large_image","twitter_misc":{"Est. reading time":"14 minutes"},"schema":{"@context":"https:\/\/schema.org","@graph":[{"@type":"WebPage","@id":"https:\/\/lagenceimmoespagne.com\/politica-de-privacidad\/","url":"https:\/\/lagenceimmoespagne.com\/politica-de-privacidad\/","name":"Pol\u00edtica de privacidad - L\u2019AGENCE AGENCE INMOBILIERE","isPartOf":{"@id":"https:\/\/lagenceimmoespagne.com\/#website"},"datePublished":"2023-05-04T06:23:50+00:00","dateModified":"2023-05-10T00:07:03+00:00","breadcrumb":{"@id":"https:\/\/lagenceimmoespagne.com\/politica-de-privacidad\/#breadcrumb"},"inLanguage":"en-GB","potentialAction":[{"@type":"ReadAction","target":["https:\/\/lagenceimmoespagne.com\/politica-de-privacidad\/"]}]},{"@type":"BreadcrumbList","@id":"https:\/\/lagenceimmoespagne.com\/politica-de-privacidad\/#breadcrumb","itemListElement":[{"@type":"ListItem","position":1,"name":"Portada","item":"https:\/\/lagenceimmoespagne.com\/"},{"@type":"ListItem","position":2,"name":"Pol\u00edtica de privacidad"}]},{"@type":"WebSite","@id":"https:\/\/lagenceimmoespagne.com\/#website","url":"https:\/\/lagenceimmoespagne.com\/","name":"L&#039;AGENCE AGENCE REAL ESTATE","description":"","potentialAction":[{"@type":"SearchAction","target":{"@type":"EntryPoint","urlTemplate":"https:\/\/lagenceimmoespagne.com\/?s={search_term_string}"},"query-input":{"@type":"PropertyValueSpecification","valueRequired":true,"valueName":"search_term_string"}}],"inLanguage":"en-GB"}]}},"_links":{"self":[{"href":"https:\/\/lagenceimmoespagne.com\/en\/wp-json\/wp\/v2\/pages\/19961","targetHints":{"allow":["GET"]}}],"collection":[{"href":"https:\/\/lagenceimmoespagne.com\/en\/wp-json\/wp\/v2\/pages"}],"about":[{"href":"https:\/\/lagenceimmoespagne.com\/en\/wp-json\/wp\/v2\/types\/page"}],"author":[{"embeddable":true,"href":"https:\/\/lagenceimmoespagne.com\/en\/wp-json\/wp\/v2\/users\/2"}],"replies":[{"embeddable":true,"href":"https:\/\/lagenceimmoespagne.com\/en\/wp-json\/wp\/v2\/comments?post=19961"}],"version-history":[{"count":0,"href":"https:\/\/lagenceimmoespagne.com\/en\/wp-json\/wp\/v2\/pages\/19961\/revisions"}],"wp:attachment":[{"href":"https:\/\/lagenceimmoespagne.com\/en\/wp-json\/wp\/v2\/media?parent=19961"}],"curies":[{"name":"wp","href":"https:\/\/api.w.org\/{rel}","templated":true}]}}