{"id":22227,"date":"2024-01-18T15:54:23","date_gmt":"2024-01-18T15:54:23","guid":{"rendered":"https:\/\/lagenceimmoespagne.com\/?post_type=estate_property&#038;p=22227"},"modified":"2024-07-26T14:19:50","modified_gmt":"2024-07-26T14:19:50","slug":"villa-grazioza","status":"publish","type":"estate_property","link":"https:\/\/lagenceimmoespagne.com\/en\/estate_property\/villa-grazioza\/","title":{"rendered":"Villa Grazioza &#8211; Calonge"},"content":{"rendered":"<div data-elementor-type=\"wp-post\" data-elementor-id=\"22227\" class=\"elementor elementor-22227\">\n\t\t\t\t<div class=\"elementor-element elementor-element-b3ee9fc e-flex e-con-boxed e-con e-parent\" data-id=\"b3ee9fc\" data-element_type=\"container\">\n\t\t\t\t\t<div class=\"e-con-inner\">\n\t\t\t\t<div class=\"elementor-element elementor-element-072b2d3 elementor-widget elementor-widget-image-gallery\" data-id=\"072b2d3\" data-element_type=\"widget\" data-widget_type=\"image-gallery.default\">\n\t\t\t\t<div class=\"elementor-widget-container\">\n\t\t\t\t\t\t\t<div class=\"elementor-image-gallery\">\n\t\t\t\n\t\t<style type=\"text\/css\">\n\t\t\t#gallery-1 {\n\t\t\t\tmargin: auto;\n\t\t\t}\n\t\t\t#gallery-1 .gallery-item {\n\t\t\t\tfloat: left;\n\t\t\t\tmargin-top: 10px;\n\t\t\t\ttext-align: center;\n\t\t\t\twidth: 25%;\n\t\t\t}\n\t\t\t#gallery-1 img {\n\t\t\t\tborder: 2px solid #cfcfcf;\n\t\t\t}\n\t\t\t#gallery-1 .gallery-caption {\n\t\t\t\tmargin-left: 0;\n\t\t\t}\n\t\t\t\/* see gallery_shortcode() in wp-includes\/media.php *\/\n\t\t<\/style>\n\t\t<div id='gallery-1' class='gallery galleryid-22227 gallery-columns-4 gallery-size-thumbnail'><dl class='gallery-item'>\n\t\t\t<dt class='gallery-icon landscape'>\n\t\t\t\t<a data-elementor-open-lightbox=\"yes\" data-elementor-lightbox-slideshow=\"072b2d3\" data-elementor-lightbox-title=\"vue 1\" data-e-action-hash=\"#elementor-action%3Aaction%3Dlightbox%26settings%3DeyJpZCI6MjIyNzMsInVybCI6Imh0dHBzOlwvXC9sYWdlbmNlaW1tb2VzcGFnbmUuY29tXC93cC1jb250ZW50XC91cGxvYWRzXC8yMDI0XC8wMVwvdnVlLTEtNC53ZWJwIiwic2xpZGVzaG93IjoiMDcyYjJkMyJ9\" href='https:\/\/lagenceimmoespagne.com\/wp-content\/uploads\/2024\/01\/vue-1-4.webp'><img decoding=\"async\" width=\"150\" height=\"150\" src=\"https:\/\/lagenceimmoespagne.com\/wp-content\/uploads\/2024\/01\/vue-1-4-150x150.webp\" class=\"attachment-thumbnail size-thumbnail\" alt=\"\" srcset=\"https:\/\/lagenceimmoespagne.com\/wp-content\/uploads\/2024\/01\/vue-1-4-150x150.webp 150w, https:\/\/lagenceimmoespagne.com\/wp-content\/uploads\/2024\/01\/vue-1-4-120x120.webp 120w, https:\/\/lagenceimmoespagne.com\/wp-content\/uploads\/2024\/01\/vue-1-4-45x45.webp 45w, https:\/\/lagenceimmoespagne.com\/wp-content\/uploads\/2024\/01\/vue-1-4-36x36.webp 36w\" sizes=\"(max-width: 150px) 100vw, 150px\" \/><\/a>\n\t\t\t<\/dt><\/dl><dl class='gallery-item'>\n\t\t\t<dt class='gallery-icon landscape'>\n\t\t\t\t<a data-elementor-open-lightbox=\"yes\" data-elementor-lightbox-slideshow=\"072b2d3\" data-elementor-lightbox-title=\"chambre 1\" data-e-action-hash=\"#elementor-action%3Aaction%3Dlightbox%26settings%3DeyJpZCI6MjIyMzcsInVybCI6Imh0dHBzOlwvXC9sYWdlbmNlaW1tb2VzcGFnbmUuY29tXC93cC1jb250ZW50XC91cGxvYWRzXC8yMDI0XC8wMVwvY2hhbWJyZS0xLTYud2VicCIsInNsaWRlc2hvdyI6IjA3MmIyZDMifQ%3D%3D\" href='https:\/\/lagenceimmoespagne.com\/wp-content\/uploads\/2024\/01\/chambre-1-6.webp'><img decoding=\"async\" width=\"150\" height=\"150\" src=\"https:\/\/lagenceimmoespagne.com\/wp-content\/uploads\/2024\/01\/chambre-1-6-150x150.webp\" class=\"attachment-thumbnail size-thumbnail\" alt=\"\" srcset=\"https:\/\/lagenceimmoespagne.com\/wp-content\/uploads\/2024\/01\/chambre-1-6-150x150.webp 150w, https:\/\/lagenceimmoespagne.com\/wp-content\/uploads\/2024\/01\/chambre-1-6-120x120.webp 120w, https:\/\/lagenceimmoespagne.com\/wp-content\/uploads\/2024\/01\/chambre-1-6-45x45.webp 45w, https:\/\/lagenceimmoespagne.com\/wp-content\/uploads\/2024\/01\/chambre-1-6-36x36.webp 36w\" sizes=\"(max-width: 150px) 100vw, 150px\" \/><\/a>\n\t\t\t<\/dt><\/dl><dl class='gallery-item'>\n\t\t\t<dt class='gallery-icon landscape'>\n\t\t\t\t<a data-elementor-open-lightbox=\"yes\" data-elementor-lightbox-slideshow=\"072b2d3\" data-elementor-lightbox-title=\"chambre 4\" data-e-action-hash=\"#elementor-action%3Aaction%3Dlightbox%26settings%3DeyJpZCI6MjIyNDAsInVybCI6Imh0dHBzOlwvXC9sYWdlbmNlaW1tb2VzcGFnbmUuY29tXC93cC1jb250ZW50XC91cGxvYWRzXC8yMDI0XC8wMVwvY2hhbWJyZS00LTMud2VicCIsInNsaWRlc2hvdyI6IjA3MmIyZDMifQ%3D%3D\" href='https:\/\/lagenceimmoespagne.com\/wp-content\/uploads\/2024\/01\/chambre-4-3.webp'><img decoding=\"async\" width=\"150\" height=\"150\" src=\"https:\/\/lagenceimmoespagne.com\/wp-content\/uploads\/2024\/01\/chambre-4-3-150x150.webp\" class=\"attachment-thumbnail size-thumbnail\" alt=\"\" srcset=\"https:\/\/lagenceimmoespagne.com\/wp-content\/uploads\/2024\/01\/chambre-4-3-150x150.webp 150w, https:\/\/lagenceimmoespagne.com\/wp-content\/uploads\/2024\/01\/chambre-4-3-120x120.webp 120w, https:\/\/lagenceimmoespagne.com\/wp-content\/uploads\/2024\/01\/chambre-4-3-45x45.webp 45w, https:\/\/lagenceimmoespagne.com\/wp-content\/uploads\/2024\/01\/chambre-4-3-36x36.webp 36w\" sizes=\"(max-width: 150px) 100vw, 150px\" \/><\/a>\n\t\t\t<\/dt><\/dl><dl class='gallery-item'>\n\t\t\t<dt class='gallery-icon landscape'>\n\t\t\t\t<a data-elementor-open-lightbox=\"yes\" data-elementor-lightbox-slideshow=\"072b2d3\" data-elementor-lightbox-title=\"chambre 5\" data-e-action-hash=\"#elementor-action%3Aaction%3Dlightbox%26settings%3DeyJpZCI6MjIyNDEsInVybCI6Imh0dHBzOlwvXC9sYWdlbmNlaW1tb2VzcGFnbmUuY29tXC93cC1jb250ZW50XC91cGxvYWRzXC8yMDI0XC8wMVwvY2hhbWJyZS01LmpwZyIsInNsaWRlc2hvdyI6IjA3MmIyZDMifQ%3D%3D\" href='https:\/\/lagenceimmoespagne.com\/wp-content\/uploads\/2024\/01\/chambre-5.jpg'><img loading=\"lazy\" decoding=\"async\" width=\"150\" height=\"150\" src=\"https:\/\/lagenceimmoespagne.com\/wp-content\/uploads\/2024\/01\/chambre-5-150x150.jpg\" class=\"attachment-thumbnail size-thumbnail\" alt=\"\" srcset=\"https:\/\/lagenceimmoespagne.com\/wp-content\/uploads\/2024\/01\/chambre-5-150x150.jpg 150w, https:\/\/lagenceimmoespagne.com\/wp-content\/uploads\/2024\/01\/chambre-5-120x120.jpg 120w, https:\/\/lagenceimmoespagne.com\/wp-content\/uploads\/2024\/01\/chambre-5-45x45.jpg 45w, https:\/\/lagenceimmoespagne.com\/wp-content\/uploads\/2024\/01\/chambre-5-36x36.jpg 36w\" sizes=\"(max-width: 150px) 100vw, 150px\" \/><\/a>\n\t\t\t<\/dt><\/dl><br style=\"clear: both\" \/><dl class='gallery-item'>\n\t\t\t<dt class='gallery-icon landscape'>\n\t\t\t\t<a data-elementor-open-lightbox=\"yes\" data-elementor-lightbox-slideshow=\"072b2d3\" data-elementor-lightbox-title=\"cuisine 2\" data-e-action-hash=\"#elementor-action%3Aaction%3Dlightbox%26settings%3DeyJpZCI6MjIyNDYsInVybCI6Imh0dHBzOlwvXC9sYWdlbmNlaW1tb2VzcGFnbmUuY29tXC93cC1jb250ZW50XC91cGxvYWRzXC8yMDI0XC8wMVwvY3Vpc2luZS0yLTMud2VicCIsInNsaWRlc2hvdyI6IjA3MmIyZDMifQ%3D%3D\" href='https:\/\/lagenceimmoespagne.com\/wp-content\/uploads\/2024\/01\/cuisine-2-3.webp'><img loading=\"lazy\" decoding=\"async\" width=\"150\" height=\"150\" src=\"https:\/\/lagenceimmoespagne.com\/wp-content\/uploads\/2024\/01\/cuisine-2-3-150x150.webp\" class=\"attachment-thumbnail size-thumbnail\" alt=\"\" srcset=\"https:\/\/lagenceimmoespagne.com\/wp-content\/uploads\/2024\/01\/cuisine-2-3-150x150.webp 150w, https:\/\/lagenceimmoespagne.com\/wp-content\/uploads\/2024\/01\/cuisine-2-3-120x120.webp 120w, https:\/\/lagenceimmoespagne.com\/wp-content\/uploads\/2024\/01\/cuisine-2-3-45x45.webp 45w, https:\/\/lagenceimmoespagne.com\/wp-content\/uploads\/2024\/01\/cuisine-2-3-36x36.webp 36w\" sizes=\"(max-width: 150px) 100vw, 150px\" \/><\/a>\n\t\t\t<\/dt><\/dl><dl class='gallery-item'>\n\t\t\t<dt class='gallery-icon portrait'>\n\t\t\t\t<a data-elementor-open-lightbox=\"yes\" data-elementor-lightbox-slideshow=\"072b2d3\" data-elementor-lightbox-title=\"salle de bain 2\" data-e-action-hash=\"#elementor-action%3Aaction%3Dlightbox%26settings%3DeyJpZCI6MjIyNjEsInVybCI6Imh0dHBzOlwvXC9sYWdlbmNlaW1tb2VzcGFnbmUuY29tXC93cC1jb250ZW50XC91cGxvYWRzXC8yMDI0XC8wMVwvc2FsbGUtZGUtYmFpbi0yLTMud2VicCIsInNsaWRlc2hvdyI6IjA3MmIyZDMifQ%3D%3D\" href='https:\/\/lagenceimmoespagne.com\/wp-content\/uploads\/2024\/01\/salle-de-bain-2-3.webp'><img loading=\"lazy\" decoding=\"async\" width=\"150\" height=\"150\" src=\"https:\/\/lagenceimmoespagne.com\/wp-content\/uploads\/2024\/01\/salle-de-bain-2-3-150x150.webp\" class=\"attachment-thumbnail size-thumbnail\" alt=\"\" srcset=\"https:\/\/lagenceimmoespagne.com\/wp-content\/uploads\/2024\/01\/salle-de-bain-2-3-150x150.webp 150w, https:\/\/lagenceimmoespagne.com\/wp-content\/uploads\/2024\/01\/salle-de-bain-2-3-120x120.webp 120w, https:\/\/lagenceimmoespagne.com\/wp-content\/uploads\/2024\/01\/salle-de-bain-2-3-45x45.webp 45w, https:\/\/lagenceimmoespagne.com\/wp-content\/uploads\/2024\/01\/salle-de-bain-2-3-36x36.webp 36w\" sizes=\"(max-width: 150px) 100vw, 150px\" \/><\/a>\n\t\t\t<\/dt><\/dl><dl class='gallery-item'>\n\t\t\t<dt class='gallery-icon landscape'>\n\t\t\t\t<a data-elementor-open-lightbox=\"yes\" data-elementor-lightbox-slideshow=\"072b2d3\" data-elementor-lightbox-title=\"salle de bain 1\" data-e-action-hash=\"#elementor-action%3Aaction%3Dlightbox%26settings%3DeyJpZCI6MjIyNjAsInVybCI6Imh0dHBzOlwvXC9sYWdlbmNlaW1tb2VzcGFnbmUuY29tXC93cC1jb250ZW50XC91cGxvYWRzXC8yMDI0XC8wMVwvc2FsbGUtZGUtYmFpbi0xLTQud2VicCIsInNsaWRlc2hvdyI6IjA3MmIyZDMifQ%3D%3D\" href='https:\/\/lagenceimmoespagne.com\/wp-content\/uploads\/2024\/01\/salle-de-bain-1-4.webp'><img loading=\"lazy\" decoding=\"async\" width=\"150\" height=\"150\" src=\"https:\/\/lagenceimmoespagne.com\/wp-content\/uploads\/2024\/01\/salle-de-bain-1-4-150x150.webp\" class=\"attachment-thumbnail size-thumbnail\" alt=\"\" srcset=\"https:\/\/lagenceimmoespagne.com\/wp-content\/uploads\/2024\/01\/salle-de-bain-1-4-150x150.webp 150w, https:\/\/lagenceimmoespagne.com\/wp-content\/uploads\/2024\/01\/salle-de-bain-1-4-120x120.webp 120w, https:\/\/lagenceimmoespagne.com\/wp-content\/uploads\/2024\/01\/salle-de-bain-1-4-45x45.webp 45w, https:\/\/lagenceimmoespagne.com\/wp-content\/uploads\/2024\/01\/salle-de-bain-1-4-36x36.webp 36w\" sizes=\"(max-width: 150px) 100vw, 150px\" \/><\/a>\n\t\t\t<\/dt><\/dl><dl class='gallery-item'>\n\t\t\t<dt class='gallery-icon landscape'>\n\t\t\t\t<a data-elementor-open-lightbox=\"yes\" data-elementor-lightbox-slideshow=\"072b2d3\" data-elementor-lightbox-title=\"salon 1\" data-e-action-hash=\"#elementor-action%3Aaction%3Dlightbox%26settings%3DeyJpZCI6MjIyNjMsInVybCI6Imh0dHBzOlwvXC9sYWdlbmNlaW1tb2VzcGFnbmUuY29tXC93cC1jb250ZW50XC91cGxvYWRzXC8yMDI0XC8wMVwvc2Fsb24tMS01LndlYnAiLCJzbGlkZXNob3ciOiIwNzJiMmQzIn0%3D\" href='https:\/\/lagenceimmoespagne.com\/wp-content\/uploads\/2024\/01\/salon-1-5.webp'><img loading=\"lazy\" decoding=\"async\" width=\"150\" height=\"150\" src=\"https:\/\/lagenceimmoespagne.com\/wp-content\/uploads\/2024\/01\/salon-1-5-150x150.webp\" class=\"attachment-thumbnail size-thumbnail\" alt=\"\" srcset=\"https:\/\/lagenceimmoespagne.com\/wp-content\/uploads\/2024\/01\/salon-1-5-150x150.webp 150w, https:\/\/lagenceimmoespagne.com\/wp-content\/uploads\/2024\/01\/salon-1-5-120x120.webp 120w, https:\/\/lagenceimmoespagne.com\/wp-content\/uploads\/2024\/01\/salon-1-5-45x45.webp 45w, https:\/\/lagenceimmoespagne.com\/wp-content\/uploads\/2024\/01\/salon-1-5-36x36.webp 36w\" sizes=\"(max-width: 150px) 100vw, 150px\" \/><\/a>\n\t\t\t<\/dt><\/dl><br style=\"clear: both\" \/><dl class='gallery-item'>\n\t\t\t<dt class='gallery-icon landscape'>\n\t\t\t\t<a data-elementor-open-lightbox=\"yes\" data-elementor-lightbox-slideshow=\"072b2d3\" data-elementor-lightbox-title=\"salon 2\" data-e-action-hash=\"#elementor-action%3Aaction%3Dlightbox%26settings%3DeyJpZCI6MjIyNjQsInVybCI6Imh0dHBzOlwvXC9sYWdlbmNlaW1tb2VzcGFnbmUuY29tXC93cC1jb250ZW50XC91cGxvYWRzXC8yMDI0XC8wMVwvc2Fsb24tMi00LndlYnAiLCJzbGlkZXNob3ciOiIwNzJiMmQzIn0%3D\" href='https:\/\/lagenceimmoespagne.com\/wp-content\/uploads\/2024\/01\/salon-2-4.webp'><img loading=\"lazy\" decoding=\"async\" width=\"150\" height=\"150\" src=\"https:\/\/lagenceimmoespagne.com\/wp-content\/uploads\/2024\/01\/salon-2-4-150x150.webp\" class=\"attachment-thumbnail size-thumbnail\" alt=\"\" srcset=\"https:\/\/lagenceimmoespagne.com\/wp-content\/uploads\/2024\/01\/salon-2-4-150x150.webp 150w, https:\/\/lagenceimmoespagne.com\/wp-content\/uploads\/2024\/01\/salon-2-4-120x120.webp 120w, https:\/\/lagenceimmoespagne.com\/wp-content\/uploads\/2024\/01\/salon-2-4-45x45.webp 45w, https:\/\/lagenceimmoespagne.com\/wp-content\/uploads\/2024\/01\/salon-2-4-36x36.webp 36w\" sizes=\"(max-width: 150px) 100vw, 150px\" \/><\/a>\n\t\t\t<\/dt><\/dl><dl class='gallery-item'>\n\t\t\t<dt class='gallery-icon landscape'>\n\t\t\t\t<a data-elementor-open-lightbox=\"yes\" data-elementor-lightbox-slideshow=\"072b2d3\" data-elementor-lightbox-title=\"terasse 1\" data-e-action-hash=\"#elementor-action%3Aaction%3Dlightbox%26settings%3DeyJpZCI6MjIyNzAsInVybCI6Imh0dHBzOlwvXC9sYWdlbmNlaW1tb2VzcGFnbmUuY29tXC93cC1jb250ZW50XC91cGxvYWRzXC8yMDI0XC8wMVwvdGVyYXNzZS0xLTcud2VicCIsInNsaWRlc2hvdyI6IjA3MmIyZDMifQ%3D%3D\" href='https:\/\/lagenceimmoespagne.com\/wp-content\/uploads\/2024\/01\/terasse-1-7.webp'><img loading=\"lazy\" decoding=\"async\" width=\"150\" height=\"150\" src=\"https:\/\/lagenceimmoespagne.com\/wp-content\/uploads\/2024\/01\/terasse-1-7-150x150.webp\" class=\"attachment-thumbnail size-thumbnail\" alt=\"\" srcset=\"https:\/\/lagenceimmoespagne.com\/wp-content\/uploads\/2024\/01\/terasse-1-7-150x150.webp 150w, https:\/\/lagenceimmoespagne.com\/wp-content\/uploads\/2024\/01\/terasse-1-7-120x120.webp 120w, https:\/\/lagenceimmoespagne.com\/wp-content\/uploads\/2024\/01\/terasse-1-7-45x45.webp 45w, https:\/\/lagenceimmoespagne.com\/wp-content\/uploads\/2024\/01\/terasse-1-7-36x36.webp 36w\" sizes=\"(max-width: 150px) 100vw, 150px\" \/><\/a>\n\t\t\t<\/dt><\/dl><dl class='gallery-item'>\n\t\t\t<dt class='gallery-icon landscape'>\n\t\t\t\t<a data-elementor-open-lightbox=\"yes\" data-elementor-lightbox-slideshow=\"072b2d3\" data-elementor-lightbox-title=\"piscine 5\" data-e-action-hash=\"#elementor-action%3Aaction%3Dlightbox%26settings%3DeyJpZCI6MjIyNTYsInVybCI6Imh0dHBzOlwvXC9sYWdlbmNlaW1tb2VzcGFnbmUuY29tXC93cC1jb250ZW50XC91cGxvYWRzXC8yMDI0XC8wMVwvcGlzY2luZS01LndlYnAiLCJzbGlkZXNob3ciOiIwNzJiMmQzIn0%3D\" href='https:\/\/lagenceimmoespagne.com\/wp-content\/uploads\/2024\/01\/piscine-5.webp'><img loading=\"lazy\" decoding=\"async\" width=\"150\" height=\"150\" src=\"https:\/\/lagenceimmoespagne.com\/wp-content\/uploads\/2024\/01\/piscine-5-150x150.webp\" class=\"attachment-thumbnail size-thumbnail\" alt=\"\" srcset=\"https:\/\/lagenceimmoespagne.com\/wp-content\/uploads\/2024\/01\/piscine-5-150x150.webp 150w, https:\/\/lagenceimmoespagne.com\/wp-content\/uploads\/2024\/01\/piscine-5-120x120.webp 120w, https:\/\/lagenceimmoespagne.com\/wp-content\/uploads\/2024\/01\/piscine-5-45x45.webp 45w, https:\/\/lagenceimmoespagne.com\/wp-content\/uploads\/2024\/01\/piscine-5-36x36.webp 36w\" sizes=\"(max-width: 150px) 100vw, 150px\" \/><\/a>\n\t\t\t<\/dt><\/dl><dl class='gallery-item'>\n\t\t\t<dt class='gallery-icon landscape'>\n\t\t\t\t<a data-elementor-open-lightbox=\"yes\" data-elementor-lightbox-slideshow=\"072b2d3\" data-elementor-lightbox-title=\"piscine 7\" data-e-action-hash=\"#elementor-action%3Aaction%3Dlightbox%26settings%3DeyJpZCI6MjIyNTksInVybCI6Imh0dHBzOlwvXC9sYWdlbmNlaW1tb2VzcGFnbmUuY29tXC93cC1jb250ZW50XC91cGxvYWRzXC8yMDI0XC8wMVwvcGlzY2luZS03LmpwZyIsInNsaWRlc2hvdyI6IjA3MmIyZDMifQ%3D%3D\" href='https:\/\/lagenceimmoespagne.com\/wp-content\/uploads\/2024\/01\/piscine-7.jpg'><img loading=\"lazy\" decoding=\"async\" width=\"150\" height=\"150\" src=\"https:\/\/lagenceimmoespagne.com\/wp-content\/uploads\/2024\/01\/piscine-7-150x150.jpg\" class=\"attachment-thumbnail size-thumbnail\" alt=\"\" srcset=\"https:\/\/lagenceimmoespagne.com\/wp-content\/uploads\/2024\/01\/piscine-7-150x150.jpg 150w, https:\/\/lagenceimmoespagne.com\/wp-content\/uploads\/2024\/01\/piscine-7-120x120.jpg 120w, https:\/\/lagenceimmoespagne.com\/wp-content\/uploads\/2024\/01\/piscine-7-45x45.jpg 45w, https:\/\/lagenceimmoespagne.com\/wp-content\/uploads\/2024\/01\/piscine-7-36x36.jpg 36w\" sizes=\"(max-width: 150px) 100vw, 150px\" \/><\/a>\n\t\t\t<\/dt><\/dl><br style=\"clear: both\" \/><dl class='gallery-item'>\n\t\t\t<dt class='gallery-icon landscape'>\n\t\t\t\t<a data-elementor-open-lightbox=\"yes\" data-elementor-lightbox-slideshow=\"072b2d3\" data-elementor-lightbox-title=\"vue crique 5\" data-e-action-hash=\"#elementor-action%3Aaction%3Dlightbox%26settings%3DeyJpZCI6MjIyNzgsInVybCI6Imh0dHBzOlwvXC9sYWdlbmNlaW1tb2VzcGFnbmUuY29tXC93cC1jb250ZW50XC91cGxvYWRzXC8yMDI0XC8wMVwvdnVlLWNyaXF1ZS01LmpwZyIsInNsaWRlc2hvdyI6IjA3MmIyZDMifQ%3D%3D\" href='https:\/\/lagenceimmoespagne.com\/wp-content\/uploads\/2024\/01\/vue-crique-5.jpg'><img loading=\"lazy\" decoding=\"async\" width=\"150\" height=\"150\" src=\"https:\/\/lagenceimmoespagne.com\/wp-content\/uploads\/2024\/01\/vue-crique-5-150x150.jpg\" class=\"attachment-thumbnail size-thumbnail\" alt=\"\" srcset=\"https:\/\/lagenceimmoespagne.com\/wp-content\/uploads\/2024\/01\/vue-crique-5-150x150.jpg 150w, https:\/\/lagenceimmoespagne.com\/wp-content\/uploads\/2024\/01\/vue-crique-5-120x120.jpg 120w, https:\/\/lagenceimmoespagne.com\/wp-content\/uploads\/2024\/01\/vue-crique-5-45x45.jpg 45w, https:\/\/lagenceimmoespagne.com\/wp-content\/uploads\/2024\/01\/vue-crique-5-36x36.jpg 36w\" sizes=\"(max-width: 150px) 100vw, 150px\" \/><\/a>\n\t\t\t<\/dt><\/dl><dl class='gallery-item'>\n\t\t\t<dt class='gallery-icon landscape'>\n\t\t\t\t<a data-elementor-open-lightbox=\"yes\" data-elementor-lightbox-slideshow=\"072b2d3\" data-elementor-lightbox-title=\"vue crique 4\" data-e-action-hash=\"#elementor-action%3Aaction%3Dlightbox%26settings%3DeyJpZCI6MjIyNzcsInVybCI6Imh0dHBzOlwvXC9sYWdlbmNlaW1tb2VzcGFnbmUuY29tXC93cC1jb250ZW50XC91cGxvYWRzXC8yMDI0XC8wMVwvdnVlLWNyaXF1ZS00LmpwZyIsInNsaWRlc2hvdyI6IjA3MmIyZDMifQ%3D%3D\" href='https:\/\/lagenceimmoespagne.com\/wp-content\/uploads\/2024\/01\/vue-crique-4.jpg'><img loading=\"lazy\" decoding=\"async\" width=\"150\" height=\"150\" src=\"https:\/\/lagenceimmoespagne.com\/wp-content\/uploads\/2024\/01\/vue-crique-4-150x150.jpg\" class=\"attachment-thumbnail size-thumbnail\" alt=\"\" srcset=\"https:\/\/lagenceimmoespagne.com\/wp-content\/uploads\/2024\/01\/vue-crique-4-150x150.jpg 150w, https:\/\/lagenceimmoespagne.com\/wp-content\/uploads\/2024\/01\/vue-crique-4-120x120.jpg 120w, https:\/\/lagenceimmoespagne.com\/wp-content\/uploads\/2024\/01\/vue-crique-4-45x45.jpg 45w, https:\/\/lagenceimmoespagne.com\/wp-content\/uploads\/2024\/01\/vue-crique-4-36x36.jpg 36w\" sizes=\"(max-width: 150px) 100vw, 150px\" \/><\/a>\n\t\t\t<\/dt><\/dl><dl class='gallery-item'>\n\t\t\t<dt class='gallery-icon landscape'>\n\t\t\t\t<a data-elementor-open-lightbox=\"yes\" data-elementor-lightbox-slideshow=\"072b2d3\" data-elementor-lightbox-title=\"vue crique 7\" data-e-action-hash=\"#elementor-action%3Aaction%3Dlightbox%26settings%3DeyJpZCI6MjIyODAsInVybCI6Imh0dHBzOlwvXC9sYWdlbmNlaW1tb2VzcGFnbmUuY29tXC93cC1jb250ZW50XC91cGxvYWRzXC8yMDI0XC8wMVwvdnVlLWNyaXF1ZS03LmpwZyIsInNsaWRlc2hvdyI6IjA3MmIyZDMifQ%3D%3D\" href='https:\/\/lagenceimmoespagne.com\/wp-content\/uploads\/2024\/01\/vue-crique-7.jpg'><img loading=\"lazy\" decoding=\"async\" width=\"150\" height=\"150\" src=\"https:\/\/lagenceimmoespagne.com\/wp-content\/uploads\/2024\/01\/vue-crique-7-150x150.jpg\" class=\"attachment-thumbnail size-thumbnail\" alt=\"\" srcset=\"https:\/\/lagenceimmoespagne.com\/wp-content\/uploads\/2024\/01\/vue-crique-7-150x150.jpg 150w, https:\/\/lagenceimmoespagne.com\/wp-content\/uploads\/2024\/01\/vue-crique-7-120x120.jpg 120w, https:\/\/lagenceimmoespagne.com\/wp-content\/uploads\/2024\/01\/vue-crique-7-45x45.jpg 45w, https:\/\/lagenceimmoespagne.com\/wp-content\/uploads\/2024\/01\/vue-crique-7-36x36.jpg 36w\" sizes=\"(max-width: 150px) 100vw, 150px\" \/><\/a>\n\t\t\t<\/dt><\/dl><dl class='gallery-item'>\n\t\t\t<dt class='gallery-icon landscape'>\n\t\t\t\t<a data-elementor-open-lightbox=\"yes\" data-elementor-lightbox-slideshow=\"072b2d3\" data-elementor-lightbox-title=\"chateau 2\" data-e-action-hash=\"#elementor-action%3Aaction%3Dlightbox%26settings%3DeyJpZCI6MjIyNDQsInVybCI6Imh0dHBzOlwvXC9sYWdlbmNlaW1tb2VzcGFnbmUuY29tXC93cC1jb250ZW50XC91cGxvYWRzXC8yMDI0XC8wMVwvY2hhdGVhdS0yLmpwZyIsInNsaWRlc2hvdyI6IjA3MmIyZDMifQ%3D%3D\" href='https:\/\/lagenceimmoespagne.com\/wp-content\/uploads\/2024\/01\/chateau-2.jpg'><img loading=\"lazy\" decoding=\"async\" width=\"150\" height=\"150\" src=\"https:\/\/lagenceimmoespagne.com\/wp-content\/uploads\/2024\/01\/chateau-2-150x150.jpg\" class=\"attachment-thumbnail size-thumbnail\" alt=\"\" srcset=\"https:\/\/lagenceimmoespagne.com\/wp-content\/uploads\/2024\/01\/chateau-2-150x150.jpg 150w, https:\/\/lagenceimmoespagne.com\/wp-content\/uploads\/2024\/01\/chateau-2-120x120.jpg 120w, https:\/\/lagenceimmoespagne.com\/wp-content\/uploads\/2024\/01\/chateau-2-45x45.jpg 45w, https:\/\/lagenceimmoespagne.com\/wp-content\/uploads\/2024\/01\/chateau-2-36x36.jpg 36w\" sizes=\"(max-width: 150px) 100vw, 150px\" \/><\/a>\n\t\t\t<\/dt><\/dl><br style=\"clear: both\" \/>\n\t\t<\/div>\n\t\t<\/div>\n\t\t\t\t\t\t<\/div>\n\t\t\t\t<\/div>\n\t\t\t\t\t<\/div>\n\t\t\t\t<\/div>\n\t\t<div class=\"elementor-element elementor-element-1b1bda6 e-flex e-con-boxed e-con e-parent\" data-id=\"1b1bda6\" data-element_type=\"container\">\n\t\t\t\t\t<div class=\"e-con-inner\">\n\t\t\t\t<div class=\"elementor-element elementor-element-16a49d8 elementor-widget elementor-widget-text-editor\" data-id=\"16a49d8\" data-element_type=\"widget\" data-widget_type=\"text-editor.default\">\n\t\t\t\t<div class=\"elementor-widget-container\">\n\t\t\t\t\t\t\t\t\t<p><strong>VILLA GRAZIOZA with private pool. Sea and mountain views<\/strong><\/p><p>Magnificent house (2003) with 211 m2 built and 700 m2 of plot, distributed: 3 bedrooms (beds for 7 people), 3 bathrooms (2 full bathrooms + 1 toilet), a large living-dining room with fireplace, beautiful terrace (master suite in 1st floor).<\/p><p>With all the comforts, wifi, air conditioning and heating. It has beautiful views of the sea and the mountains. 8 x 4 m swimming pool and a beautiful Mediterranean style garden. Parking in front of the house.<\/p><p>For more information on availability and prices contact S\u00e9verine.<\/p>\t\t\t\t\t\t\t\t<\/div>\n\t\t\t\t<\/div>\n\t\t\t\t\t<\/div>\n\t\t\t\t<\/div>\n\t\t<div class=\"elementor-element elementor-element-6da3b37 e-flex e-con-boxed e-con e-parent\" data-id=\"6da3b37\" data-element_type=\"container\">\n\t\t\t\t\t<div class=\"e-con-inner\">\n\t\t\t\t<div class=\"elementor-element elementor-element-f75524a elementor-align-center elementor-widget elementor-widget-button\" data-id=\"f75524a\" data-element_type=\"widget\" data-widget_type=\"button.default\">\n\t\t\t\t<div class=\"elementor-widget-container\">\n\t\t\t\t\t\t\t\t\t<div class=\"elementor-button-wrapper\">\n\t\t\t\t\t<a class=\"elementor-button elementor-button-link elementor-size-sm\" href=\"https:\/\/lagenceimmoespagne.com\/en\/contacto\/\">\n\t\t\t\t\t\t<span class=\"elementor-button-content-wrapper\">\n\t\t\t\t\t\t\t\t\t<span class=\"elementor-button-text\">Contact Us<\/span>\n\t\t\t\t\t<\/span>\n\t\t\t\t\t<\/a>\n\t\t\t\t<\/div>\n\t\t\t\t\t\t\t\t<\/div>\n\t\t\t\t<\/div>\n\t\t\t\t\t<\/div>\n\t\t\t\t<\/div>\n\t\t\t\t<\/div>","protected":false},"excerpt":{"rendered":"<p>VILLA GRAZIOZA con piscina privada. Vistas al mar y monta\u00f1a Magnifica casa (2003) con 211 m2 construidos y 700 m2 de parcela, distribuida: 3 habitaciones (camas para 7 personaso) 3 ba\u00f1os (2 ba\u00f1os completos + 1 WC), un gran sal\u00f3n-comedor con chimenea, bonita terraza (suite principal en 1\u00aaplanta). Con todas las comodidades, wifi, aire acondicionado y calefacci\u00f3n. Tiene unas bonitas vistas al mar y &#8230;<\/p>","protected":false},"featured_media":22233,"comment_status":"open","ping_status":"closed","template":"","property_category":[71],"property_action_category":[61],"property_city":[],"property_area":[],"property_county_state":[],"property_features":[60,74],"property_status":[],"class_list":["post-22227","estate_property","type-estate_property","status-publish","has-post-thumbnail","hentry","property_category-villas","property_action_category-alquiler","property_features-piscina","property_features-wifi"],"yoast_head":"<!-- This site is optimized with the Yoast SEO plugin v26.5 - https:\/\/yoast.com\/wordpress\/plugins\/seo\/ -->\n<title>Villa Grazioza - Calonge - L\u2019AGENCE AGENCE INMOBILIERE<\/title>\n<meta name=\"robots\" content=\"index, follow, max-snippet:-1, max-image-preview:large, max-video-preview:-1\" \/>\n<link rel=\"canonical\" href=\"https:\/\/lagenceimmoespagne.com\/en\/estate_property\/villa-grazioza\/\" \/>\n<meta property=\"og:locale\" content=\"en_GB\" \/>\n<meta property=\"og:type\" content=\"article\" \/>\n<meta property=\"og:title\" content=\"Villa Grazioza - Calonge - L\u2019AGENCE AGENCE INMOBILIERE\" \/>\n<meta property=\"og:description\" content=\"VILLA GRAZIOZA con piscina privada. Vistas al mar y monta\u00f1a Magnifica casa (2003) con 211 m2 construidos y 700 m2 de parcela, distribuida: 3 habitaciones (camas para 7 personaso) 3 ba\u00f1os (2 ba\u00f1os completos + 1 WC), un gran sal\u00f3n-comedor con chimenea, bonita terraza (suite principal en 1\u00aaplanta). Con todas las comodidades, wifi, aire acondicionado y calefacci\u00f3n. Tiene unas bonitas vistas al mar y ...\" \/>\n<meta property=\"og:url\" content=\"https:\/\/lagenceimmoespagne.com\/en\/estate_property\/villa-grazioza\/\" \/>\n<meta property=\"og:site_name\" content=\"L\u2019AGENCE AGENCE INMOBILIERE\" \/>\n<meta property=\"article:modified_time\" content=\"2024-07-26T14:19:50+00:00\" \/>\n<meta property=\"og:image\" content=\"https:\/\/lagenceimmoespagne.com\/wp-content\/uploads\/2024\/01\/piscine-6.webp\" \/>\n\t<meta property=\"og:image:width\" content=\"1200\" \/>\n\t<meta property=\"og:image:height\" content=\"800\" \/>\n\t<meta property=\"og:image:type\" content=\"image\/webp\" \/>\n<meta name=\"twitter:card\" content=\"summary_large_image\" \/>\n<meta name=\"twitter:label1\" content=\"Est. reading time\" \/>\n\t<meta name=\"twitter:data1\" content=\"4 minutes\" \/>\n<script type=\"application\/ld+json\" class=\"yoast-schema-graph\">{\"@context\":\"https:\/\/schema.org\",\"@graph\":[{\"@type\":\"WebPage\",\"@id\":\"https:\/\/lagenceimmoespagne.com\/estate_property\/villa-grazioza\/\",\"url\":\"https:\/\/lagenceimmoespagne.com\/estate_property\/villa-grazioza\/\",\"name\":\"Villa Grazioza - Calonge - L\u2019AGENCE AGENCE INMOBILIERE\",\"isPartOf\":{\"@id\":\"https:\/\/lagenceimmoespagne.com\/#website\"},\"primaryImageOfPage\":{\"@id\":\"https:\/\/lagenceimmoespagne.com\/estate_property\/villa-grazioza\/#primaryimage\"},\"image\":{\"@id\":\"https:\/\/lagenceimmoespagne.com\/estate_property\/villa-grazioza\/#primaryimage\"},\"thumbnailUrl\":\"https:\/\/lagenceimmoespagne.com\/wp-content\/uploads\/2024\/01\/piscine-6.webp\",\"datePublished\":\"2024-01-18T15:54:23+00:00\",\"dateModified\":\"2024-07-26T14:19:50+00:00\",\"breadcrumb\":{\"@id\":\"https:\/\/lagenceimmoespagne.com\/estate_property\/villa-grazioza\/#breadcrumb\"},\"inLanguage\":\"en-GB\",\"potentialAction\":[{\"@type\":\"ReadAction\",\"target\":[\"https:\/\/lagenceimmoespagne.com\/estate_property\/villa-grazioza\/\"]}]},{\"@type\":\"ImageObject\",\"inLanguage\":\"en-GB\",\"@id\":\"https:\/\/lagenceimmoespagne.com\/estate_property\/villa-grazioza\/#primaryimage\",\"url\":\"https:\/\/lagenceimmoespagne.com\/wp-content\/uploads\/2024\/01\/piscine-6.webp\",\"contentUrl\":\"https:\/\/lagenceimmoespagne.com\/wp-content\/uploads\/2024\/01\/piscine-6.webp\",\"width\":1200,\"height\":800},{\"@type\":\"BreadcrumbList\",\"@id\":\"https:\/\/lagenceimmoespagne.com\/estate_property\/villa-grazioza\/#breadcrumb\",\"itemListElement\":[{\"@type\":\"ListItem\",\"position\":1,\"name\":\"Portada\",\"item\":\"https:\/\/lagenceimmoespagne.com\/\"},{\"@type\":\"ListItem\",\"position\":2,\"name\":\"Propiedades\",\"item\":\"https:\/\/lagenceimmoespagne.com\/estate_property\/\"},{\"@type\":\"ListItem\",\"position\":3,\"name\":\"Villa Grazioza &#8211; Calonge\"}]},{\"@type\":\"WebSite\",\"@id\":\"https:\/\/lagenceimmoespagne.com\/#website\",\"url\":\"https:\/\/lagenceimmoespagne.com\/\",\"name\":\"L\u2019AGENCE AGENCE INMOBILIERE\",\"description\":\"\",\"potentialAction\":[{\"@type\":\"SearchAction\",\"target\":{\"@type\":\"EntryPoint\",\"urlTemplate\":\"https:\/\/lagenceimmoespagne.com\/?s={search_term_string}\"},\"query-input\":{\"@type\":\"PropertyValueSpecification\",\"valueRequired\":true,\"valueName\":\"search_term_string\"}}],\"inLanguage\":\"en-GB\"}]}<\/script>\n<!-- \/ Yoast SEO plugin. -->","yoast_head_json":{"title":"Villa Grazioza - Calonge - L\u2019AGENCE AGENCE INMOBILIERE","robots":{"index":"index","follow":"follow","max-snippet":"max-snippet:-1","max-image-preview":"max-image-preview:large","max-video-preview":"max-video-preview:-1"},"canonical":"https:\/\/lagenceimmoespagne.com\/en\/estate_property\/villa-grazioza\/","og_locale":"en_GB","og_type":"article","og_title":"Villa Grazioza - Calonge - L\u2019AGENCE AGENCE INMOBILIERE","og_description":"VILLA GRAZIOZA con piscina privada. Vistas al mar y monta\u00f1a Magnifica casa (2003) con 211 m2 construidos y 700 m2 de parcela, distribuida: 3 habitaciones (camas para 7 personaso) 3 ba\u00f1os (2 ba\u00f1os completos + 1 WC), un gran sal\u00f3n-comedor con chimenea, bonita terraza (suite principal en 1\u00aaplanta). Con todas las comodidades, wifi, aire acondicionado y calefacci\u00f3n. Tiene unas bonitas vistas al mar y ...","og_url":"https:\/\/lagenceimmoespagne.com\/en\/estate_property\/villa-grazioza\/","og_site_name":"L\u2019AGENCE AGENCE INMOBILIERE","article_modified_time":"2024-07-26T14:19:50+00:00","og_image":[{"width":1200,"height":800,"url":"https:\/\/lagenceimmoespagne.com\/wp-content\/uploads\/2024\/01\/piscine-6.webp","type":"image\/webp"}],"twitter_card":"summary_large_image","twitter_misc":{"Est. reading time":"4 minutes"},"schema":{"@context":"https:\/\/schema.org","@graph":[{"@type":"WebPage","@id":"https:\/\/lagenceimmoespagne.com\/estate_property\/villa-grazioza\/","url":"https:\/\/lagenceimmoespagne.com\/estate_property\/villa-grazioza\/","name":"Villa Grazioza - Calonge - L\u2019AGENCE AGENCE INMOBILIERE","isPartOf":{"@id":"https:\/\/lagenceimmoespagne.com\/#website"},"primaryImageOfPage":{"@id":"https:\/\/lagenceimmoespagne.com\/estate_property\/villa-grazioza\/#primaryimage"},"image":{"@id":"https:\/\/lagenceimmoespagne.com\/estate_property\/villa-grazioza\/#primaryimage"},"thumbnailUrl":"https:\/\/lagenceimmoespagne.com\/wp-content\/uploads\/2024\/01\/piscine-6.webp","datePublished":"2024-01-18T15:54:23+00:00","dateModified":"2024-07-26T14:19:50+00:00","breadcrumb":{"@id":"https:\/\/lagenceimmoespagne.com\/estate_property\/villa-grazioza\/#breadcrumb"},"inLanguage":"en-GB","potentialAction":[{"@type":"ReadAction","target":["https:\/\/lagenceimmoespagne.com\/estate_property\/villa-grazioza\/"]}]},{"@type":"ImageObject","inLanguage":"en-GB","@id":"https:\/\/lagenceimmoespagne.com\/estate_property\/villa-grazioza\/#primaryimage","url":"https:\/\/lagenceimmoespagne.com\/wp-content\/uploads\/2024\/01\/piscine-6.webp","contentUrl":"https:\/\/lagenceimmoespagne.com\/wp-content\/uploads\/2024\/01\/piscine-6.webp","width":1200,"height":800},{"@type":"BreadcrumbList","@id":"https:\/\/lagenceimmoespagne.com\/estate_property\/villa-grazioza\/#breadcrumb","itemListElement":[{"@type":"ListItem","position":1,"name":"Portada","item":"https:\/\/lagenceimmoespagne.com\/"},{"@type":"ListItem","position":2,"name":"Propiedades","item":"https:\/\/lagenceimmoespagne.com\/estate_property\/"},{"@type":"ListItem","position":3,"name":"Villa Grazioza &#8211; Calonge"}]},{"@type":"WebSite","@id":"https:\/\/lagenceimmoespagne.com\/#website","url":"https:\/\/lagenceimmoespagne.com\/","name":"L&#039;AGENCE AGENCE REAL ESTATE","description":"","potentialAction":[{"@type":"SearchAction","target":{"@type":"EntryPoint","urlTemplate":"https:\/\/lagenceimmoespagne.com\/?s={search_term_string}"},"query-input":{"@type":"PropertyValueSpecification","valueRequired":true,"valueName":"search_term_string"}}],"inLanguage":"en-GB"}]}},"_links":{"self":[{"href":"https:\/\/lagenceimmoespagne.com\/en\/wp-json\/wp\/v2\/estate_property\/22227","targetHints":{"allow":["GET"]}}],"collection":[{"href":"https:\/\/lagenceimmoespagne.com\/en\/wp-json\/wp\/v2\/estate_property"}],"about":[{"href":"https:\/\/lagenceimmoespagne.com\/en\/wp-json\/wp\/v2\/types\/estate_property"}],"replies":[{"embeddable":true,"href":"https:\/\/lagenceimmoespagne.com\/en\/wp-json\/wp\/v2\/comments?post=22227"}],"version-history":[{"count":0,"href":"https:\/\/lagenceimmoespagne.com\/en\/wp-json\/wp\/v2\/estate_property\/22227\/revisions"}],"wp:featuredmedia":[{"embeddable":true,"href":"https:\/\/lagenceimmoespagne.com\/en\/wp-json\/wp\/v2\/media\/22233"}],"wp:attachment":[{"href":"https:\/\/lagenceimmoespagne.com\/en\/wp-json\/wp\/v2\/media?parent=22227"}],"wp:term":[{"taxonomy":"property_category","embeddable":true,"href":"https:\/\/lagenceimmoespagne.com\/en\/wp-json\/wp\/v2\/property_category?post=22227"},{"taxonomy":"property_action_category","embeddable":true,"href":"https:\/\/lagenceimmoespagne.com\/en\/wp-json\/wp\/v2\/property_action_category?post=22227"},{"taxonomy":"property_city","embeddable":true,"href":"https:\/\/lagenceimmoespagne.com\/en\/wp-json\/wp\/v2\/property_city?post=22227"},{"taxonomy":"property_area","embeddable":true,"href":"https:\/\/lagenceimmoespagne.com\/en\/wp-json\/wp\/v2\/property_area?post=22227"},{"taxonomy":"property_county_state","embeddable":true,"href":"https:\/\/lagenceimmoespagne.com\/en\/wp-json\/wp\/v2\/property_county_state?post=22227"},{"taxonomy":"property_features","embeddable":true,"href":"https:\/\/lagenceimmoespagne.com\/en\/wp-json\/wp\/v2\/property_features?post=22227"},{"taxonomy":"property_status","embeddable":true,"href":"https:\/\/lagenceimmoespagne.com\/en\/wp-json\/wp\/v2\/property_status?post=22227"}],"curies":[{"name":"wp","href":"https:\/\/api.w.org\/{rel}","templated":true}]}}